{"id":8403,"date":"2025-05-28T15:28:59","date_gmt":"2025-05-28T14:28:59","guid":{"rendered":"https:\/\/lyrique-belle-ile.com\/?page_id=8403"},"modified":"2026-02-18T10:30:43","modified_gmt":"2026-02-18T09:30:43","slug":"a-propos-2","status":"publish","type":"page","link":"https:\/\/lyrique-belle-ile.com\/en\/a-propos-2\/","title":{"rendered":"About"},"content":{"rendered":"<div data-elementor-type=\"wp-page\" data-elementor-id=\"8403\" class=\"elementor elementor-8403\">\n\t\t\t\t<div class=\"elementor-element elementor-element-71f1dee e-flex e-con-boxed e-con e-parent\" data-id=\"71f1dee\" data-element_type=\"container\" data-e-type=\"container\">\n\t\t\t\t\t<div class=\"e-con-inner\">\n\t\t\t\t<div class=\"elementor-element elementor-element-900c5ff elementor-widget elementor-widget-heading\" data-id=\"900c5ff\" data-element_type=\"widget\" data-e-type=\"widget\" data-widget_type=\"heading.default\">\n\t\t\t\t\t<h1 class=\"elementor-heading-title elementor-size-default\">Lyrique-en-mer, an island event.<\/h1>\t\t\t\t<\/div>\n\t\t\t\t<div class=\"elementor-element elementor-element-9406197 elementor-widget-divider--view-line elementor-widget elementor-widget-divider\" data-id=\"9406197\" data-element_type=\"widget\" data-e-type=\"widget\" data-widget_type=\"divider.default\">\n\t\t\t\t\t\t\t<div class=\"elementor-divider\">\n\t\t\t<span class=\"elementor-divider-separator\">\n\t\t\t\t\t\t<\/span>\n\t\t<\/div>\n\t\t\t\t\t\t<\/div>\n\t\t\t\t\t<\/div>\n\t\t\t\t<\/div>\n\t\t<div class=\"elementor-element elementor-element-aa123f2 e-flex e-con-boxed e-con e-parent\" data-id=\"aa123f2\" data-element_type=\"container\" data-e-type=\"container\">\n\t\t\t\t\t<div class=\"e-con-inner\">\n\t\t<div class=\"elementor-element elementor-element-6b44392 e-con-full e-flex e-con e-child\" data-id=\"6b44392\" data-element_type=\"container\" data-e-type=\"container\">\n\t\t\t\t<div class=\"elementor-element elementor-element-a5a6585 elementor-widget elementor-widget-text-editor\" data-id=\"a5a6585\" data-element_type=\"widget\" data-e-type=\"widget\" data-widget_type=\"text-editor.default\">\n\t\t\t\t\t\t\t\t\t<h6><b>AN INTERNATIONAL CREATIVE FESTIVAL<\/b><\/h6><p><b>\u00a0<\/b><\/p><p>For over 25 years, the Lyrique-en-mer International Festival has been bringing the island to life.\u00a0<\/p><p>Under the direction of Jazmin Black Grollemund, the festival creates and produces on site an opera, a work from the sacred repertoire prepared during the year by the local lyric choir, as well as several other participatory events, and for a few weeks becomes a unique transmission venue for young French and international talent.<\/p>\t\t\t\t\t\t\t\t<\/div>\n\t\t\t\t<\/div>\n\t\t<div class=\"elementor-element elementor-element-ee85985 e-con-full e-flex e-con e-child\" data-id=\"ee85985\" data-element_type=\"container\" data-e-type=\"container\">\n\t\t\t\t<div class=\"elementor-element elementor-element-2bba85d elementor-widget elementor-widget-video\" data-id=\"2bba85d\" data-element_type=\"widget\" data-e-type=\"widget\" data-settings=\"{&quot;video_type&quot;:&quot;hosted&quot;,&quot;controls&quot;:&quot;yes&quot;}\" data-widget_type=\"video.default\">\n\t\t\t\t\t\t\t<div class=\"e-hosted-video elementor-wrapper elementor-open-inline\">\n\t\t\t\t\t<video class=\"elementor-video\" src=\"https:\/\/lyrique-belle-ile.com\/wp-content\/uploads\/2025\/04\/Votre-texte-de-paragraphe.mp4\" controls=\"\" preload=\"metadata\" controlslist=\"nodownload\"><\/video>\n\t\t\t\t<\/div>\n\t\t\t\t\t\t<\/div>\n\t\t\t\t<\/div>\n\t\t\t\t\t<\/div>\n\t\t\t\t<\/div>\n\t\t<div class=\"elementor-element elementor-element-87a93b2 e-flex e-con-boxed e-con e-parent\" data-id=\"87a93b2\" data-element_type=\"container\" data-e-type=\"container\">\n\t\t\t\t\t<div class=\"e-con-inner\">\n\t\t\t\t\t<\/div>\n\t\t\t\t<\/div>\n\t\t<div class=\"elementor-element elementor-element-93ac02c e-flex e-con-boxed e-con e-parent\" data-id=\"93ac02c\" data-element_type=\"container\" data-e-type=\"container\">\n\t\t\t\t\t<div class=\"e-con-inner\">\n\t\t\t\t<div class=\"elementor-element elementor-element-83aae95 elementor-widget elementor-widget-n-accordion\" data-id=\"83aae95\" data-element_type=\"widget\" data-e-type=\"widget\" data-settings=\"{&quot;default_state&quot;:&quot;expanded&quot;,&quot;max_items_expended&quot;:&quot;one&quot;,&quot;n_accordion_animation_duration&quot;:{&quot;unit&quot;:&quot;ms&quot;,&quot;size&quot;:400,&quot;sizes&quot;:[]}}\" data-widget_type=\"nested-accordion.default\">\n\t\t\t\t\t\t\t<div class=\"e-n-accordion\" aria-label=\"Accordion. Open links with Enter or Space, close with Escape, and navigate with Arrow Keys\">\n\t\t\t\t\t\t<details id=\"e-n-accordion-item-1380\" class=\"e-n-accordion-item\" open>\n\t\t\t\t<summary class=\"e-n-accordion-item-title\" data-accordion-index=\"1\" tabindex=\"0\" aria-expanded=\"true\" aria-controls=\"e-n-accordion-item-1380\" >\n\t\t\t\t\t<span class='e-n-accordion-item-title-header'><div class=\"e-n-accordion-item-title-text\"> LOCAL ROOTS <\/div><\/span>\n\t\t\t\t\t\t\t<span class='e-n-accordion-item-title-icon'>\n\t\t\t<span class='e-opened' ><i aria-hidden=\"true\" class=\"fas fa-minus\"><\/i><\/span>\n\t\t\t<span class='e-closed'><i aria-hidden=\"true\" class=\"fas fa-plus\"><\/i><\/span>\n\t\t<\/span>\n\n\t\t\t\t\t\t<\/summary>\n\t\t\t\t<div role=\"region\" aria-labelledby=\"e-n-accordion-item-1380\" class=\"elementor-element elementor-element-df6386d e-con-full e-flex e-con e-child\" data-id=\"df6386d\" data-element_type=\"container\" data-e-type=\"container\">\n\t\t\t\t<div class=\"elementor-element elementor-element-4557bbe elementor-widget elementor-widget-text-editor\" data-id=\"4557bbe\" data-element_type=\"widget\" data-e-type=\"widget\" data-widget_type=\"text-editor.default\">\n\t\t\t\t\t\t\t\t\t<p><i>On a local level, the festival enlivens the cultural life of Belle-Ile with the lyric choir, which brings together 60 choristers with a passion for singing, and the implementation of participative, educational and cultural actions.<\/i>.\u00a0<\/p><p>\u00a0<\/p><p><b><strong>An original initiative saw the light of day in 2018 with the creation of the \"Venez Chanter!\" participatory concerts, bringing together 200 singers, including amateurs invited to join the Belle-\u00cele Lyric Choir, soloists and orchestra, then conducted by Philip Walsh in the church of Le Palais. This experience of geographical decompartmentalization and the sharing of music and song led to the presentation of Mozart's Requiem in 2018, and Gabriel Faur\u00e9's in 2019.\u00a0<\/strong><\/b><\/p><p><strong>\u00a0<\/strong><\/p><p><b><strong>The festival develops musical learning and awakening for young audiences, through various educational activities such as :\u00a0<\/strong><\/b><\/p><ul><li>Interventions in schools\u00a0<\/li><li>Instrument loans for music education classes\u00a0<\/li><li>A choral singing workshop for children\u00a0<\/li><li>Educational concerts\u00a0<\/li><li>The creation of a children's choir<\/li><\/ul><p>\u00a0<\/p><p><b><strong>A partnership with Belle-Ile hospital creates a social link for the so-called \"disadvantaged\".<\/strong><\/b>by organizing regular concerts on its premises and associated facilities (EHPAD, nursing homes, etc.).\u00a0<\/p><p><strong>\u00a0<\/strong><\/p><p><b><strong>Every year, Lyrique-en-mer expands its audience with cultural events such as :\u00a0<\/strong><\/b><\/p><ul><li>The introduction of a preferential island fare\u00a0<\/li><li>Metropolitan Opera season operas at Le Rex cinema\u00a0<\/li><li>Free live broadcasts of \"Opera on Screen(s)<\/li><\/ul>\t\t\t\t\t\t\t\t<\/div>\n\t\t<div role=\"region\" aria-labelledby=\"e-n-accordion-item-1380\" class=\"elementor-element elementor-element-7499374 e-con-full e-flex e-con e-child\" data-id=\"7499374\" data-element_type=\"container\" data-e-type=\"container\">\n\t\t\t\t<div class=\"elementor-element elementor-element-8782299 elementor-widget elementor-widget-image\" data-id=\"8782299\" data-element_type=\"widget\" data-e-type=\"widget\" data-widget_type=\"image.default\">\n\t\t\t\t\t\t\t\t\t\t\t\t\t\t\t<img fetchpriority=\"high\" decoding=\"async\" width=\"800\" height=\"252\" src=\"https:\/\/lyrique-belle-ile.com\/wp-content\/uploads\/2025\/04\/GX6A0319-copy-scaled-e1745328617757-1024x322.jpg\" class=\"attachment-large size-large wp-image-8428\" alt=\"\" srcset=\"https:\/\/lyrique-belle-ile.com\/wp-content\/uploads\/2025\/04\/GX6A0319-copy-scaled-e1745328617757-1024x322.jpg 1024w, https:\/\/lyrique-belle-ile.com\/wp-content\/uploads\/2025\/04\/GX6A0319-copy-scaled-e1745328617757-300x94.jpg 300w, https:\/\/lyrique-belle-ile.com\/wp-content\/uploads\/2025\/04\/GX6A0319-copy-scaled-e1745328617757-768x242.jpg 768w, https:\/\/lyrique-belle-ile.com\/wp-content\/uploads\/2025\/04\/GX6A0319-copy-scaled-e1745328617757-1536x484.jpg 1536w, https:\/\/lyrique-belle-ile.com\/wp-content\/uploads\/2025\/04\/GX6A0319-copy-scaled-e1745328617757-2048x645.jpg 2048w, https:\/\/lyrique-belle-ile.com\/wp-content\/uploads\/2025\/04\/GX6A0319-copy-scaled-e1745328617757-18x6.jpg 18w\" sizes=\"(max-width: 800px) 100vw, 800px\" \/>\t\t\t\t\t\t\t\t\t\t\t\t\t\t\t<\/div>\n\t\t\t\t<\/div>\n\t\t\t\t<\/div>\n\t\t\t\t\t<\/details>\n\t\t\t\t\t\t<details id=\"e-n-accordion-item-1381\" class=\"e-n-accordion-item\" >\n\t\t\t\t<summary class=\"e-n-accordion-item-title\" data-accordion-index=\"2\" tabindex=\"-1\" aria-expanded=\"false\" aria-controls=\"e-n-accordion-item-1381\" >\n\t\t\t\t\t<span class='e-n-accordion-item-title-header'><div class=\"e-n-accordion-item-title-text\"> FESTIVAL VALUES <\/div><\/span>\n\t\t\t\t\t\t\t<span class='e-n-accordion-item-title-icon'>\n\t\t\t<span class='e-opened' ><i aria-hidden=\"true\" class=\"fas fa-minus\"><\/i><\/span>\n\t\t\t<span class='e-closed'><i aria-hidden=\"true\" class=\"fas fa-plus\"><\/i><\/span>\n\t\t<\/span>\n\n\t\t\t\t\t\t<\/summary>\n\t\t\t\t<div role=\"region\" aria-labelledby=\"e-n-accordion-item-1381\" class=\"elementor-element elementor-element-8c4999a e-con-full e-flex e-con e-child\" data-id=\"8c4999a\" data-element_type=\"container\" data-e-type=\"container\">\n\t\t\t\t<div class=\"elementor-element elementor-element-3561d6e elementor-widget elementor-widget-text-editor\" data-id=\"3561d6e\" data-element_type=\"widget\" data-e-type=\"widget\" data-widget_type=\"text-editor.default\">\n\t\t\t\t\t\t\t\t\t<p><b>EXCELLENCE, SIMPLICITY, TRANSMISSION, DURABILITY\u00a0<\/b><\/p><p><em><span style=\"font-weight: 400;\">For over 25 years, Lyrique-en-mer has built its roadmap on its fundamentals.<\/span><\/em><\/p><p><span style=\"font-weight: 400;\"><strong>True to its original spirit, the festival's essential mission is to inspire and educate future generations.<\/strong> It's a laboratory that gives young artists from different horizons the time to learn and progress alongside experienced singers and musicians.\u00a0<\/span><\/p><p><strong>It fosters excellence through an alliance between professionals and amateurs.\u00a0<\/strong><\/p><p><span style=\"font-weight: 400;\"><strong>It's this taste for perfection that allows each of us to surpass ourselves.<\/strong> Whether you're a singer, a musician, a chorister, an administrator, a volunteer, a donor... everyone plays their part in the collective effort.\u00a0<\/span><\/p><p><strong>Over the years, Lyrique-en-mer has passed on its passion and forged a lasting bond between Bellilois and artists from all over the world.\u00a0<\/strong><\/p><p><span style=\"font-weight: 400;\"><strong>The festival has become a must for all thrill-seekers.<\/strong> on this aptly-named island where nature and culture mingle in perfect harmony.\u00a0<\/span><\/p>\t\t\t\t\t\t\t\t<\/div>\n\t\t\t\t<div class=\"elementor-element elementor-element-bbc46a5 elementor-widget-divider--view-line elementor-widget elementor-widget-divider\" data-id=\"bbc46a5\" data-element_type=\"widget\" data-e-type=\"widget\" data-widget_type=\"divider.default\">\n\t\t\t\t\t\t\t<div class=\"elementor-divider\">\n\t\t\t<span class=\"elementor-divider-separator\">\n\t\t\t\t\t\t<\/span>\n\t\t<\/div>\n\t\t\t\t\t\t<\/div>\n\t\t<div role=\"region\" aria-labelledby=\"e-n-accordion-item-1381\" class=\"elementor-element elementor-element-999dbfb e-flex e-con-boxed e-con e-child\" data-id=\"999dbfb\" data-element_type=\"container\" data-e-type=\"container\">\n\t\t\t\t\t<div class=\"e-con-inner\">\n\t\t\t\t<div class=\"elementor-element elementor-element-f27a713 elementor-widget elementor-widget-text-editor\" data-id=\"f27a713\" data-element_type=\"widget\" data-e-type=\"widget\" data-widget_type=\"text-editor.default\">\n\t\t\t\t\t\t\t\t\t<p style=\"letter-spacing: 1.2px;\"><strong>Volunteers at the service of the festival<\/strong> In 2019, Victor Tribot Laspierre, special envoy from <strong>France Musique<\/strong>The Festival de Belle-Ile,\" in a report entitled \"\u00c0 Belle-Ile, le Festival fait des petits miracles avec les moyens du bord\" (On Belle-Ile, the Festival works small miracles with the means at hand), underlined the participative quality of the festival, which is supported by a battalion of volunteers.\u00a0<\/p><p style=\"letter-spacing: 1.2px;\"><i>\"A festival created by and for the people of Bellilois: you quickly understand this when you observe the Festival's volunteers. The people of Bellil are committed to making their festival work. They're the ones who house the artists, they're the ones who help design the sets, lend old armchairs whose aesthetic suits the director's wishes, or lend white shirts to the artists\".\u00a0<\/i><\/p>\t\t\t\t\t\t\t\t<\/div>\n\t\t\t\t\t<\/div>\n\t\t\t\t<\/div>\n\t\t\t\t<\/div>\n\t\t\t\t\t<\/details>\n\t\t\t\t\t\t<details id=\"e-n-accordion-item-1382\" class=\"e-n-accordion-item\" >\n\t\t\t\t<summary class=\"e-n-accordion-item-title\" data-accordion-index=\"3\" tabindex=\"-1\" aria-expanded=\"false\" aria-controls=\"e-n-accordion-item-1382\" >\n\t\t\t\t\t<span class='e-n-accordion-item-title-header'><div class=\"e-n-accordion-item-title-text\"> TEACHING AND TRANSMISSION <\/div><\/span>\n\t\t\t\t\t\t\t<span class='e-n-accordion-item-title-icon'>\n\t\t\t<span class='e-opened' ><i aria-hidden=\"true\" class=\"fas fa-minus\"><\/i><\/span>\n\t\t\t<span class='e-closed'><i aria-hidden=\"true\" class=\"fas fa-plus\"><\/i><\/span>\n\t\t<\/span>\n\n\t\t\t\t\t\t<\/summary>\n\t\t\t\t<div role=\"region\" aria-labelledby=\"e-n-accordion-item-1382\" class=\"elementor-element elementor-element-4698682 e-con-full e-flex e-con e-child\" data-id=\"4698682\" data-element_type=\"container\" data-e-type=\"container\">\n\t\t<div role=\"region\" aria-labelledby=\"e-n-accordion-item-1382\" class=\"elementor-element elementor-element-fc5f856 e-con-full e-flex e-con e-child\" data-id=\"fc5f856\" data-element_type=\"container\" data-e-type=\"container\">\n\t\t\t\t<div class=\"elementor-element elementor-element-b5fd225 elementor-widget__width-initial elementor-widget elementor-widget-text-editor\" data-id=\"b5fd225\" data-element_type=\"widget\" data-e-type=\"widget\" data-widget_type=\"text-editor.default\">\n\t\t\t\t\t\t\t\t\t<p><i><b>THE \"YOUNG ARTISTS\" PROGRAM<\/b><\/i><\/p><p><i style=\"letter-spacing: 1.2px;\"><b>&nbsp;<\/b><\/i><\/p>\n<p><i><span style=\"font-weight: 400;\">\"Learning by doing. Since 2002, the \"young artists\" program, at the heart of the festival, has enabled young American and European singers who are still students to experience the stage under professional conditions. The soloists act as skill brokers, enabling them to consolidate their art and join the festival network, make a name for themselves and gain access to new projects.<\/span><\/i><\/p>\t\t\t\t\t\t\t\t<\/div>\n\t\t\t\t<\/div>\n\t\t\t\t<div class=\"elementor-element elementor-element-4d0d47b elementor-widget__width-initial elementor-widget elementor-widget-image\" data-id=\"4d0d47b\" data-element_type=\"widget\" data-e-type=\"widget\" data-widget_type=\"image.default\">\n\t\t\t\t\t\t\t\t\t\t\t\t<figure class=\"wp-caption\">\n\t\t\t\t\t\t\t\t\t\t<img decoding=\"async\" width=\"800\" height=\"600\" src=\"https:\/\/lyrique-belle-ile.com\/wp-content\/uploads\/2025\/04\/P1040966-1024x768.jpg\" class=\"attachment-large size-large wp-image-8423\" alt=\"Op\u00e9ra 2022 Orph\u00e9e et Eurydice\" srcset=\"https:\/\/lyrique-belle-ile.com\/wp-content\/uploads\/2025\/04\/P1040966-1024x768.jpg 1024w, https:\/\/lyrique-belle-ile.com\/wp-content\/uploads\/2025\/04\/P1040966-300x225.jpg 300w, https:\/\/lyrique-belle-ile.com\/wp-content\/uploads\/2025\/04\/P1040966-768x576.jpg 768w, https:\/\/lyrique-belle-ile.com\/wp-content\/uploads\/2025\/04\/P1040966-1536x1152.jpg 1536w, https:\/\/lyrique-belle-ile.com\/wp-content\/uploads\/2025\/04\/P1040966-2048x1536.jpg 2048w, https:\/\/lyrique-belle-ile.com\/wp-content\/uploads\/2025\/04\/P1040966-16x12.jpg 16w\" sizes=\"(max-width: 800px) 100vw, 800px\" \/>\t\t\t\t\t\t\t\t\t\t\t<figcaption class=\"widget-image-caption wp-caption-text\"><\/figcaption>\n\t\t\t\t\t\t\t\t\t\t<\/figure>\n\t\t\t\t\t\t\t\t\t<\/div>\n\t\t\t\t<div class=\"elementor-element elementor-element-289ba4e elementor-widget__width-initial elementor-widget elementor-widget-image\" data-id=\"289ba4e\" data-element_type=\"widget\" data-e-type=\"widget\" data-widget_type=\"image.default\">\n\t\t\t\t\t\t\t\t\t\t\t\t<figure class=\"wp-caption\">\n\t\t\t\t\t\t\t\t\t\t<img decoding=\"async\" width=\"800\" height=\"534\" src=\"https:\/\/lyrique-belle-ile.com\/wp-content\/uploads\/2025\/04\/DAV2253-1024x683.jpg\" class=\"attachment-large size-large wp-image-8424\" alt=\"Concert 10 ao\u00fbt \u00a9\u00a0David Giard\" srcset=\"https:\/\/lyrique-belle-ile.com\/wp-content\/uploads\/2025\/04\/DAV2253-1024x683.jpg 1024w, https:\/\/lyrique-belle-ile.com\/wp-content\/uploads\/2025\/04\/DAV2253-300x200.jpg 300w, https:\/\/lyrique-belle-ile.com\/wp-content\/uploads\/2025\/04\/DAV2253-768x512.jpg 768w, https:\/\/lyrique-belle-ile.com\/wp-content\/uploads\/2025\/04\/DAV2253-1536x1024.jpg 1536w, https:\/\/lyrique-belle-ile.com\/wp-content\/uploads\/2025\/04\/DAV2253-2048x1365.jpg 2048w, https:\/\/lyrique-belle-ile.com\/wp-content\/uploads\/2025\/04\/DAV2253-18x12.jpg 18w\" sizes=\"(max-width: 800px) 100vw, 800px\" \/>\t\t\t\t\t\t\t\t\t\t\t<figcaption class=\"widget-image-caption wp-caption-text\">David Giard<\/figcaption>\n\t\t\t\t\t\t\t\t\t\t<\/figure>\n\t\t\t\t\t\t\t\t\t<\/div>\n\t\t\t\t<div class=\"elementor-element elementor-element-86857b6 elementor-widget__width-initial elementor-widget elementor-widget-text-editor\" data-id=\"86857b6\" data-element_type=\"widget\" data-e-type=\"widget\" data-widget_type=\"text-editor.default\">\n\t\t\t\t\t\t\t\t\t<p><strong>Every summer, some fifteen young singers take up residency for 4 to 5 weeks, focusing on the following activities:\u00a0<\/strong><\/p><ul><li><span style=\"font-weight: 400;\"> They take part in the season's operas as chorus members or soloists.\u00a0<\/span><\/li><li><span style=\"font-weight: 400;\"> They create and perform in public an opera and\/or operetta, which they sing in its entirety, with a dedicated director under professional working and performance conditions.\u00a0<\/span><\/li><li><span style=\"font-weight: 400;\"> They contribute to the season's sacred choral work with the Ch\u0153ur lyrique de Belle- Ile in 4 performances in the island's 4 churches.\u00a0<\/span><\/li><li><span style=\"font-weight: 400;\"> A \"Young Talents\" recital is devoted exclusively to them, depending on the year.\u00a0<\/span><\/li><li><span style=\"font-weight: 400;\"> They benefit from a week of afternoon masterclasses coached by the professional opera soloists present.\u00a0<\/span><\/li><li><span style=\"font-weight: 400;\"> They are involved in the festival's cultural activities.\u00a0<\/span><\/li><\/ul>\t\t\t\t\t\t\t\t<\/div>\n\t\t\t\t<div class=\"elementor-element elementor-element-cf1106c elementor-widget__width-initial elementor-widget elementor-widget-text-editor\" data-id=\"cf1106c\" data-element_type=\"widget\" data-e-type=\"widget\" data-widget_type=\"text-editor.default\">\n\t\t\t\t\t\t\t\t\t<p>\u00a0<\/p><p><span style=\"font-weight: 400;\"><strong>These young talents are recruited through partnerships<\/strong> We have also worked with American universities such as Indiana University, the Manhattan School of Music, the Eastman School of Music, the University of Maryland, McGill University, the University of Southern California, Vanderbilt University and Tennessee and Furman University, as well as high-level competitions such as the Metropolitan Opera National Council Auditions.\u00a0<\/span><\/p><p><span style=\"font-weight: 400;\">New French, European and international partnerships are currently being explored.\u00a0<\/span><\/p><p><span style=\"font-weight: 400;\">The young artists who took part in the Festival now form a vast network of \"alumni\" who are pursuing their careers or training.\u00a0<\/span><\/p>\t\t\t\t\t\t\t\t<\/div>\n\t\t\t\t<\/div>\n\t\t\t\t\t<\/details>\n\t\t\t\t\t\t<details id=\"e-n-accordion-item-1383\" class=\"e-n-accordion-item\" >\n\t\t\t\t<summary class=\"e-n-accordion-item-title\" data-accordion-index=\"4\" tabindex=\"-1\" aria-expanded=\"false\" aria-controls=\"e-n-accordion-item-1383\" >\n\t\t\t\t\t<span class='e-n-accordion-item-title-header'><div class=\"e-n-accordion-item-title-text\"> SOLOISTS' WORDS <\/div><\/span>\n\t\t\t\t\t\t\t<span class='e-n-accordion-item-title-icon'>\n\t\t\t<span class='e-opened' ><i aria-hidden=\"true\" class=\"fas fa-minus\"><\/i><\/span>\n\t\t\t<span class='e-closed'><i aria-hidden=\"true\" class=\"fas fa-plus\"><\/i><\/span>\n\t\t<\/span>\n\n\t\t\t\t\t\t<\/summary>\n\t\t\t\t<div role=\"region\" aria-labelledby=\"e-n-accordion-item-1383\" class=\"elementor-element elementor-element-e72e709 e-con-full e-flex e-con e-child\" data-id=\"e72e709\" data-element_type=\"container\" data-e-type=\"container\">\n\t\t<div role=\"region\" aria-labelledby=\"e-n-accordion-item-1383\" class=\"elementor-element elementor-element-be7a7cb e-con-full e-flex e-con e-child\" data-id=\"be7a7cb\" data-element_type=\"container\" data-e-type=\"container\">\n\t\t\t\t<div class=\"elementor-element elementor-element-1e1f6e0 elementor-widget elementor-widget-text-editor\" data-id=\"1e1f6e0\" data-element_type=\"widget\" data-e-type=\"widget\" data-widget_type=\"text-editor.default\">\n\t\t\t\t\t\t\t\t\t<p><i><span style=\"font-weight: 400;\">Lyrique-en-mer had the privilege of welcoming the great violinist <strong>Nemanja Radulovi\u0107<\/strong> for exceptional concerts as part of the festival. <\/span><\/i><\/p><p><i><span style=\"font-weight: 400;\">He shares his experience, as does the Franco-American soprano <strong>Jazmin Black Grollemund<\/strong>the Welsh soprano <strong>Natalya Romaniw<\/strong> and American baritone <strong>Tyler Simpson<\/strong> who have taken part in the festival through one-off or recurring invitations.\u00a0<\/span><\/i><\/p>\t\t\t\t\t\t\t\t<\/div>\n\t\t\t\t<\/div>\n\t\t<div role=\"region\" aria-labelledby=\"e-n-accordion-item-1383\" class=\"elementor-element elementor-element-830b8b9 e-con-full e-flex e-con e-child\" data-id=\"830b8b9\" data-element_type=\"container\" data-e-type=\"container\">\n\t\t\t\t<div class=\"elementor-element elementor-element-7cdd7c9 elementor-widget__width-inherit elementor-widget elementor-widget-text-editor\" data-id=\"7cdd7c9\" data-element_type=\"widget\" data-e-type=\"widget\" data-widget_type=\"text-editor.default\">\n\t\t\t\t\t\t\t\t\t<p><span style=\"font-weight: 400;\"><strong>Nemanja Radulovi\u0107<\/strong>, <em>VIOLINIST\u00a0<\/em><\/span><\/p><p><span style=\"font-weight: 400;\">\"I have the fondest memories of my time at the Festival Lyrique de Belle-Ile-en-mer, one of the most beautiful places I've ever had the chance to visit, but also of all the people who welcomed me to the island. I feel privileged to have been able to take part as a musician on several occasions, and to share music and creation with these wonderful artists. All this for an audience that is always enthusiastic and generous. The artistic program, under the baton of Philip Walsh, makes us feel right at home. I wish you all a long life, and above all, don't change a thing, or rather, keep it up!\"\u00a0<\/span><\/p>\t\t\t\t\t\t\t\t<\/div>\n\t\t\t\t<\/div>\n\t\t<div role=\"region\" aria-labelledby=\"e-n-accordion-item-1383\" class=\"elementor-element elementor-element-eac957b e-con-full e-flex e-con e-child\" data-id=\"eac957b\" data-element_type=\"container\" data-e-type=\"container\">\n\t\t\t\t<div class=\"elementor-element elementor-element-c057f95 elementor-widget__width-inherit elementor-widget elementor-widget-text-editor\" data-id=\"c057f95\" data-element_type=\"widget\" data-e-type=\"widget\" data-widget_type=\"text-editor.default\">\n\t\t\t\t\t\t\t\t\t<p><span style=\"font-weight: 400;\"><strong>Natalya Romaniw<\/strong>, <em>SOPRANO, 2020 winner of the Royal Philharmonic Society singer award<\/em><\/span><\/p><p><span style=\"font-weight: 400;\">\"Lyrique-en-mer is a wonderful place to sing! This is true for everyone: for experienced singers eager to explore new repertoire, as well as for Young Artists who benefit from a short, perfectly organized program with many performances. They also have the chance to learn from and perform with older artists. It's an ideal place where you can just 'be'.\" <\/span><\/p>\t\t\t\t\t\t\t\t<\/div>\n\t\t\t\t<\/div>\n\t\t<div role=\"region\" aria-labelledby=\"e-n-accordion-item-1383\" class=\"elementor-element elementor-element-bea507b e-con-full e-flex e-con e-child\" data-id=\"bea507b\" data-element_type=\"container\" data-e-type=\"container\">\n\t\t\t\t<div class=\"elementor-element elementor-element-3226325 elementor-widget__width-inherit elementor-widget elementor-widget-text-editor\" data-id=\"3226325\" data-element_type=\"widget\" data-e-type=\"widget\" data-widget_type=\"text-editor.default\">\n\t\t\t\t\t\t\t\t\t<p><span style=\"font-weight: 400;\"><strong>Jazmin Black Grollemund<\/strong>, <em>SOPRANO<\/em><\/span><\/p><p><span style=\"font-weight: 400;\">\"My first summer at the festival as a Young Artist was full of life-changing experiences. I learned a lot from soloists, coaches and directors. For me, everything was formative. I left the island at the end of the summer with the certainty that I wanted to become an opera singer! Since then, my life has been on Belle-Ile, where I met my husband thanks to the festival.\"\u00a0<\/span><\/p>\t\t\t\t\t\t\t\t<\/div>\n\t\t\t\t<\/div>\n\t\t<div role=\"region\" aria-labelledby=\"e-n-accordion-item-1383\" class=\"elementor-element elementor-element-0d04b6e e-con-full e-flex e-con e-child\" data-id=\"0d04b6e\" data-element_type=\"container\" data-e-type=\"container\">\n\t\t\t\t<div class=\"elementor-element elementor-element-925c863 elementor-widget elementor-widget-text-editor\" data-id=\"925c863\" data-element_type=\"widget\" data-e-type=\"widget\" data-widget_type=\"text-editor.default\">\n\t\t\t\t\t\t\t\t\t<p><span style=\"font-weight: 400;\"><strong>Tyler Simpson<\/strong>, <em>BARYTON-BASSE, Member of the Metropolitan Opera Chorus\u00a0<\/em><\/span><\/p><p><span style=\"font-weight: 400;\">\"Many of my favorite musical moments have taken place at the Festival. In particular, I have experienced great joy and emotion during the sacred music concerts, when the local public throngs the island's churches to listen to Bach, Mozart, Beethoven...\"\u00a0<\/span><\/p>\t\t\t\t\t\t\t\t<\/div>\n\t\t\t\t<\/div>\n\t\t\t\t<\/div>\n\t\t\t\t\t<\/details>\n\t\t\t\t\t\t<details id=\"e-n-accordion-item-1384\" class=\"e-n-accordion-item\" >\n\t\t\t\t<summary class=\"e-n-accordion-item-title\" data-accordion-index=\"5\" tabindex=\"-1\" aria-expanded=\"false\" aria-controls=\"e-n-accordion-item-1384\" >\n\t\t\t\t\t<span class='e-n-accordion-item-title-header'><div class=\"e-n-accordion-item-title-text\"> BELLE-ILE LAND OF ARTISTS <\/div><\/span>\n\t\t\t\t\t\t\t<span class='e-n-accordion-item-title-icon'>\n\t\t\t<span class='e-opened' ><i aria-hidden=\"true\" class=\"fas fa-minus\"><\/i><\/span>\n\t\t\t<span class='e-closed'><i aria-hidden=\"true\" class=\"fas fa-plus\"><\/i><\/span>\n\t\t<\/span>\n\n\t\t\t\t\t\t<\/summary>\n\t\t\t\t<div role=\"region\" aria-labelledby=\"e-n-accordion-item-1384\" class=\"elementor-element elementor-element-ac0b956 e-flex e-con-boxed e-con e-child\" data-id=\"ac0b956\" data-element_type=\"container\" data-e-type=\"container\">\n\t\t\t\t\t<div class=\"e-con-inner\">\n\t\t\t\t<div class=\"elementor-element elementor-element-cb8524c elementor-widget elementor-widget-text-editor\" data-id=\"cb8524c\" data-element_type=\"widget\" data-e-type=\"widget\" data-widget_type=\"text-editor.default\">\n\t\t\t\t\t\t\t\t\t<p><strong>A FESTIVAL IN HARMONY WITH AN EXCEPTIONAL SITE<\/strong><\/p><p><em><span style=\"font-weight: 400;\">Since the late 19th century, many artists have visited Belle-Ile in search of tranquillity and inspiration.<\/span><\/em><\/p><p><span style=\"font-weight: 400;\">The first of these is the large <strong>Sarah Bernhardt<\/strong> who spent every summer in her famous Fort des Poulains, surrounded by her friends Georges Clairin, Reynaldo Hahn, Louise Abb\u00e9ma, Sacha Guitry... and left her mark on the island forever.\u00a0<\/span><\/p><p><span style=\"font-weight: 400;\"><strong>Monet, Matisse, Vasarely or John Peter Russell<\/strong> made numerous stopovers there, as did <strong>Flaubert, Proust, Honegger, Var\u00e8se, Florent Schmitt and Albert Roussel<\/strong>.\u00a0<\/span><\/p><p><span style=\"font-weight: 400;\">Visit <strong>actress Arletty<\/strong> (whose name our concert hall bears), discovered Belle-Ile during the filming of <em>La Fleur de l'\u00e2ge<\/em> (1947), Marcel Carn\u00e9's unfinished film, and acquired a small fisherman's cottage in Bangor.\u00a0 <\/span><\/p>\t\t\t\t\t\t\t\t<\/div>\n\t\t<div role=\"region\" aria-labelledby=\"e-n-accordion-item-1384\" class=\"elementor-element elementor-element-e353fc3 e-con-full e-flex e-con e-child\" data-id=\"e353fc3\" data-element_type=\"container\" data-e-type=\"container\">\n\t\t<div role=\"region\" aria-labelledby=\"e-n-accordion-item-1384\" class=\"elementor-element elementor-element-10851d2 e-grid e-con-full e-con e-child\" data-id=\"10851d2\" data-element_type=\"container\" data-e-type=\"container\">\n\t\t\t\t<div class=\"elementor-element elementor-element-e94e6ff elementor-widget elementor-widget-image\" data-id=\"e94e6ff\" data-element_type=\"widget\" data-e-type=\"widget\" data-widget_type=\"image.default\">\n\t\t\t\t\t\t\t\t\t\t\t\t<figure class=\"wp-caption\">\n\t\t\t\t\t\t\t\t\t\t<img loading=\"lazy\" decoding=\"async\" width=\"800\" height=\"641\" src=\"https:\/\/lyrique-belle-ile.com\/wp-content\/uploads\/2025\/04\/860_gettyimages-148278147.webp\" class=\"attachment-large size-large wp-image-8531\" alt=\"\" srcset=\"https:\/\/lyrique-belle-ile.com\/wp-content\/uploads\/2025\/04\/860_gettyimages-148278147.webp 860w, https:\/\/lyrique-belle-ile.com\/wp-content\/uploads\/2025\/04\/860_gettyimages-148278147-300x240.webp 300w, https:\/\/lyrique-belle-ile.com\/wp-content\/uploads\/2025\/04\/860_gettyimages-148278147-768x615.webp 768w, https:\/\/lyrique-belle-ile.com\/wp-content\/uploads\/2025\/04\/860_gettyimages-148278147-15x12.webp 15w\" sizes=\"(max-width: 800px) 100vw, 800px\" \/>\t\t\t\t\t\t\t\t\t\t\t<figcaption class=\"widget-image-caption wp-caption-text\">One of Claude Monet's paintings of the Needles of Port Coton on Belle-\u00efle \u00a9 Getty - DeAgostini<\/figcaption>\n\t\t\t\t\t\t\t\t\t\t<\/figure>\n\t\t\t\t\t\t\t\t\t<\/div>\n\t\t\t\t<div class=\"elementor-element elementor-element-7daa8fa elementor-widget elementor-widget-image\" data-id=\"7daa8fa\" data-element_type=\"widget\" data-e-type=\"widget\" data-widget_type=\"image.default\">\n\t\t\t\t\t\t\t\t\t\t\t\t<figure class=\"wp-caption\">\n\t\t\t\t\t\t\t\t\t\t<img loading=\"lazy\" decoding=\"async\" width=\"640\" height=\"640\" src=\"https:\/\/lyrique-belle-ile.com\/wp-content\/uploads\/2025\/04\/histoire-fortin-sauzon-ete-maison-de-sites-m-schaffner-morbihan-tourisme-2009-1-640x640-1.webp\" class=\"attachment-large size-large wp-image-8536\" alt=\"\" srcset=\"https:\/\/lyrique-belle-ile.com\/wp-content\/uploads\/2025\/04\/histoire-fortin-sauzon-ete-maison-de-sites-m-schaffner-morbihan-tourisme-2009-1-640x640-1.webp 640w, https:\/\/lyrique-belle-ile.com\/wp-content\/uploads\/2025\/04\/histoire-fortin-sauzon-ete-maison-de-sites-m-schaffner-morbihan-tourisme-2009-1-640x640-1-300x300.webp 300w, https:\/\/lyrique-belle-ile.com\/wp-content\/uploads\/2025\/04\/histoire-fortin-sauzon-ete-maison-de-sites-m-schaffner-morbihan-tourisme-2009-1-640x640-1-150x150.webp 150w, https:\/\/lyrique-belle-ile.com\/wp-content\/uploads\/2025\/04\/histoire-fortin-sauzon-ete-maison-de-sites-m-schaffner-morbihan-tourisme-2009-1-640x640-1-12x12.webp 12w\" sizes=\"(max-width: 640px) 100vw, 640px\" \/>\t\t\t\t\t\t\t\t\t\t\t<figcaption class=\"widget-image-caption wp-caption-text\">Sarah Bernhardt's fort \u00a9 Office de Tourisme de Belle-Ile-en-Mer<\/figcaption>\n\t\t\t\t\t\t\t\t\t\t<\/figure>\n\t\t\t\t\t\t\t\t\t<\/div>\n\t\t\t\t<div class=\"elementor-element elementor-element-65875b7 elementor-widget elementor-widget-image\" data-id=\"65875b7\" data-element_type=\"widget\" data-e-type=\"widget\" data-widget_type=\"image.default\">\n\t\t\t\t\t\t\t\t\t\t\t\t<figure class=\"wp-caption\">\n\t\t\t\t\t\t\t\t\t\t<img loading=\"lazy\" decoding=\"async\" width=\"354\" height=\"450\" src=\"https:\/\/lyrique-belle-ile.com\/wp-content\/uploads\/2025\/04\/SarahBernhardt1880.jpg\" class=\"attachment-large size-large wp-image-8537\" alt=\"\" srcset=\"https:\/\/lyrique-belle-ile.com\/wp-content\/uploads\/2025\/04\/SarahBernhardt1880.jpg 354w, https:\/\/lyrique-belle-ile.com\/wp-content\/uploads\/2025\/04\/SarahBernhardt1880-236x300.jpg 236w, https:\/\/lyrique-belle-ile.com\/wp-content\/uploads\/2025\/04\/SarahBernhardt1880-9x12.jpg 9w\" sizes=\"(max-width: 354px) 100vw, 354px\" \/>\t\t\t\t\t\t\t\t\t\t\t<figcaption class=\"widget-image-caption wp-caption-text\">Sarah Bernhardt around 1880,\nphotograph by Napol\u00e9on Sarony<\/figcaption>\n\t\t\t\t\t\t\t\t\t\t<\/figure>\n\t\t\t\t\t\t\t\t\t<\/div>\n\t\t\t\t<\/div>\n\t\t\t\t<\/div>\n\t\t\t\t<div class=\"elementor-element elementor-element-bae0dbb elementor-widget elementor-widget-text-editor\" data-id=\"bae0dbb\" data-element_type=\"widget\" data-e-type=\"widget\" data-widget_type=\"text-editor.default\">\n\t\t\t\t\t\t\t\t\t<p><span style=\"font-weight: 400; color: #1b6888;\">\"Sucking in the scent of the waves, we inhaled, we evoked to ourselves all that there was of colors, rays, murmurs. We rolled our minds in the profusion of these splendors, we filled our eyes with them; we spread our nostrils, we opened our ears to them.\" <\/span><\/p><p><span style=\"font-weight: 400; color: #1b6888;\"><strong>Gustave Flaubert<\/strong>from<em> Par les champs et par les gr\u00e8ves - A trip to Brittany<\/em><\/span><\/p>\t\t\t\t\t\t\t\t<\/div>\n\t\t\t\t\t<\/div>\n\t\t\t\t<\/div>\n\t\t\t\t\t<\/details>\n\t\t\t\t\t<\/div>\n\t\t\t\t\t\t<\/div>\n\t\t\t\t\t<\/div>\n\t\t\t\t<\/div>\n\t\t\t\t<\/div>","protected":false},"excerpt":{"rendered":"<p>Lyrique-en-mer, un \u00e9v\u00e9nement insulaire. UN FESTIVAL INTERNATIONAL DE CR\u00c9ATION \u00a0 Depuis plus de 25 ans, le Festival International Lyrique-en-mer fait vibrer l&rsquo;\u00eele.\u00a0 Sous la direction de Jazmin Black Grollemund, le festival cr\u00e9e et produit sur place un op\u00e9ra, une \u0153uvre du r\u00e9pertoire sacr\u00e9 pr\u00e9par\u00e9e pendant l&rsquo;ann\u00e9e par le ch\u0153ur lyrique local, ainsi que plusieurs autres [&hellip;]<\/p>\n","protected":false},"author":2,"featured_media":0,"parent":0,"menu_order":0,"comment_status":"closed","ping_status":"closed","template":"elementor_header_footer","meta":{"inline_featured_image":false,"footnotes":""},"class_list":["post-8403","page","type-page","status-publish","hentry"],"yoast_head":"<!-- This site is optimized with the Yoast SEO plugin v27.5 - https:\/\/yoast.com\/product\/yoast-seo-wordpress\/ -->\n<title>A propos - Lyrique en Mer<\/title>\n<meta name=\"robots\" content=\"index, follow, max-snippet:-1, max-image-preview:large, max-video-preview:-1\" \/>\n<link rel=\"canonical\" href=\"https:\/\/lyrique-belle-ile.com\/en\/a-propos-2\/\" \/>\n<meta property=\"og:locale\" content=\"en_US\" \/>\n<meta property=\"og:type\" content=\"article\" \/>\n<meta property=\"og:title\" content=\"A propos - Lyrique en Mer\" \/>\n<meta property=\"og:description\" content=\"Lyrique-en-mer, un \u00e9v\u00e9nement insulaire. UN FESTIVAL INTERNATIONAL DE CR\u00c9ATION \u00a0 Depuis plus de 25 ans, le Festival International Lyrique-en-mer fait vibrer l&rsquo;\u00eele.\u00a0 Sous la direction de Jazmin Black Grollemund, le festival cr\u00e9e et produit sur place un op\u00e9ra, une \u0153uvre du r\u00e9pertoire sacr\u00e9 pr\u00e9par\u00e9e pendant l&rsquo;ann\u00e9e par le ch\u0153ur lyrique local, ainsi que plusieurs autres [&hellip;]\" \/>\n<meta property=\"og:url\" content=\"https:\/\/lyrique-belle-ile.com\/en\/a-propos-2\/\" \/>\n<meta property=\"og:site_name\" content=\"Lyrique en Mer\" \/>\n<meta property=\"article:publisher\" content=\"https:\/\/www.facebook.com\/lyriqueenmer\" \/>\n<meta property=\"article:modified_time\" content=\"2026-02-18T09:30:43+00:00\" \/>\n<meta property=\"og:image\" content=\"https:\/\/lyrique-belle-ile.com\/wp-content\/uploads\/2025\/04\/GX6A0319-copy-scaled-e1745328617757.jpg\" \/>\n\t<meta property=\"og:image:width\" content=\"2560\" \/>\n\t<meta property=\"og:image:height\" content=\"806\" \/>\n\t<meta property=\"og:image:type\" content=\"image\/jpeg\" \/>\n<meta name=\"twitter:card\" content=\"summary_large_image\" \/>\n<meta name=\"twitter:site\" content=\"@FestivalLyrique\" \/>\n<meta name=\"twitter:label1\" content=\"Est. reading time\" \/>\n\t<meta name=\"twitter:data1\" content=\"18 minutes\" \/>\n<script type=\"application\/ld+json\" class=\"yoast-schema-graph\">{\"@context\":\"https:\\\/\\\/schema.org\",\"@graph\":[{\"@type\":\"WebPage\",\"@id\":\"https:\\\/\\\/lyrique-belle-ile.com\\\/a-propos-2\\\/\",\"url\":\"https:\\\/\\\/lyrique-belle-ile.com\\\/a-propos-2\\\/\",\"name\":\"A propos - Lyrique en Mer\",\"isPartOf\":{\"@id\":\"https:\\\/\\\/lyrique-belle-ile.com\\\/#website\"},\"primaryImageOfPage\":{\"@id\":\"https:\\\/\\\/lyrique-belle-ile.com\\\/a-propos-2\\\/#primaryimage\"},\"image\":{\"@id\":\"https:\\\/\\\/lyrique-belle-ile.com\\\/a-propos-2\\\/#primaryimage\"},\"thumbnailUrl\":\"https:\\\/\\\/lyrique-belle-ile.com\\\/wp-content\\\/uploads\\\/2025\\\/04\\\/GX6A0319-copy-scaled-e1745328617757-1024x322.jpg\",\"datePublished\":\"2025-05-28T14:28:59+00:00\",\"dateModified\":\"2026-02-18T09:30:43+00:00\",\"breadcrumb\":{\"@id\":\"https:\\\/\\\/lyrique-belle-ile.com\\\/a-propos-2\\\/#breadcrumb\"},\"inLanguage\":\"en-US\",\"potentialAction\":[{\"@type\":\"ReadAction\",\"target\":[\"https:\\\/\\\/lyrique-belle-ile.com\\\/a-propos-2\\\/\"]}]},{\"@type\":\"ImageObject\",\"inLanguage\":\"en-US\",\"@id\":\"https:\\\/\\\/lyrique-belle-ile.com\\\/a-propos-2\\\/#primaryimage\",\"url\":\"https:\\\/\\\/lyrique-belle-ile.com\\\/wp-content\\\/uploads\\\/2025\\\/04\\\/GX6A0319-copy-scaled-e1745328617757-1024x322.jpg\",\"contentUrl\":\"https:\\\/\\\/lyrique-belle-ile.com\\\/wp-content\\\/uploads\\\/2025\\\/04\\\/GX6A0319-copy-scaled-e1745328617757-1024x322.jpg\"},{\"@type\":\"BreadcrumbList\",\"@id\":\"https:\\\/\\\/lyrique-belle-ile.com\\\/a-propos-2\\\/#breadcrumb\",\"itemListElement\":[{\"@type\":\"ListItem\",\"position\":1,\"name\":\"Accueil\",\"item\":\"https:\\\/\\\/lyrique-belle-ile.com\\\/\"},{\"@type\":\"ListItem\",\"position\":2,\"name\":\"A propos\"}]},{\"@type\":\"WebSite\",\"@id\":\"https:\\\/\\\/lyrique-belle-ile.com\\\/#website\",\"url\":\"https:\\\/\\\/lyrique-belle-ile.com\\\/\",\"name\":\"Lyrique en Mer\",\"description\":\"Festival International de Belle Ile\",\"publisher\":{\"@id\":\"https:\\\/\\\/lyrique-belle-ile.com\\\/#organization\"},\"potentialAction\":[{\"@type\":\"SearchAction\",\"target\":{\"@type\":\"EntryPoint\",\"urlTemplate\":\"https:\\\/\\\/lyrique-belle-ile.com\\\/?s={search_term_string}\"},\"query-input\":{\"@type\":\"PropertyValueSpecification\",\"valueRequired\":true,\"valueName\":\"search_term_string\"}}],\"inLanguage\":\"en-US\"},{\"@type\":\"Organization\",\"@id\":\"https:\\\/\\\/lyrique-belle-ile.com\\\/#organization\",\"name\":\"Lyrique en Mer\",\"url\":\"https:\\\/\\\/lyrique-belle-ile.com\\\/\",\"logo\":{\"@type\":\"ImageObject\",\"inLanguage\":\"en-US\",\"@id\":\"https:\\\/\\\/lyrique-belle-ile.com\\\/#\\\/schema\\\/logo\\\/image\\\/\",\"url\":\"https:\\\/\\\/lyrique-belle-ile.com\\\/wp-content\\\/uploads\\\/2025\\\/05\\\/Logo-site-internet-violet-350-x-100-px.svg\",\"contentUrl\":\"https:\\\/\\\/lyrique-belle-ile.com\\\/wp-content\\\/uploads\\\/2025\\\/05\\\/Logo-site-internet-violet-350-x-100-px.svg\",\"width\":350,\"height\":100,\"caption\":\"Lyrique en Mer\"},\"image\":{\"@id\":\"https:\\\/\\\/lyrique-belle-ile.com\\\/#\\\/schema\\\/logo\\\/image\\\/\"},\"sameAs\":[\"https:\\\/\\\/www.facebook.com\\\/lyriqueenmer\",\"https:\\\/\\\/x.com\\\/FestivalLyrique\",\"https:\\\/\\\/www.instagram.com\\\/festivallyrique\\\/\"]}]}<\/script>\n<!-- \/ Yoast SEO plugin. -->","yoast_head_json":{"title":"About Lyrique en Mer","robots":{"index":"index","follow":"follow","max-snippet":"max-snippet:-1","max-image-preview":"max-image-preview:large","max-video-preview":"max-video-preview:-1"},"canonical":"https:\/\/lyrique-belle-ile.com\/en\/a-propos-2\/","og_locale":"en_US","og_type":"article","og_title":"A propos - Lyrique en Mer","og_description":"Lyrique-en-mer, un \u00e9v\u00e9nement insulaire. UN FESTIVAL INTERNATIONAL DE CR\u00c9ATION \u00a0 Depuis plus de 25 ans, le Festival International Lyrique-en-mer fait vibrer l&rsquo;\u00eele.\u00a0 Sous la direction de Jazmin Black Grollemund, le festival cr\u00e9e et produit sur place un op\u00e9ra, une \u0153uvre du r\u00e9pertoire sacr\u00e9 pr\u00e9par\u00e9e pendant l&rsquo;ann\u00e9e par le ch\u0153ur lyrique local, ainsi que plusieurs autres [&hellip;]","og_url":"https:\/\/lyrique-belle-ile.com\/en\/a-propos-2\/","og_site_name":"Lyrique en Mer","article_publisher":"https:\/\/www.facebook.com\/lyriqueenmer","article_modified_time":"2026-02-18T09:30:43+00:00","og_image":[{"width":2560,"height":806,"url":"https:\/\/lyrique-belle-ile.com\/wp-content\/uploads\/2025\/04\/GX6A0319-copy-scaled-e1745328617757.jpg","type":"image\/jpeg"}],"twitter_card":"summary_large_image","twitter_site":"@FestivalLyrique","twitter_misc":{"Est. reading time":"18 minutes"},"schema":{"@context":"https:\/\/schema.org","@graph":[{"@type":"WebPage","@id":"https:\/\/lyrique-belle-ile.com\/a-propos-2\/","url":"https:\/\/lyrique-belle-ile.com\/a-propos-2\/","name":"About Lyrique en Mer","isPartOf":{"@id":"https:\/\/lyrique-belle-ile.com\/#website"},"primaryImageOfPage":{"@id":"https:\/\/lyrique-belle-ile.com\/a-propos-2\/#primaryimage"},"image":{"@id":"https:\/\/lyrique-belle-ile.com\/a-propos-2\/#primaryimage"},"thumbnailUrl":"https:\/\/lyrique-belle-ile.com\/wp-content\/uploads\/2025\/04\/GX6A0319-copy-scaled-e1745328617757-1024x322.jpg","datePublished":"2025-05-28T14:28:59+00:00","dateModified":"2026-02-18T09:30:43+00:00","breadcrumb":{"@id":"https:\/\/lyrique-belle-ile.com\/a-propos-2\/#breadcrumb"},"inLanguage":"en-US","potentialAction":[{"@type":"ReadAction","target":["https:\/\/lyrique-belle-ile.com\/a-propos-2\/"]}]},{"@type":"ImageObject","inLanguage":"en-US","@id":"https:\/\/lyrique-belle-ile.com\/a-propos-2\/#primaryimage","url":"https:\/\/lyrique-belle-ile.com\/wp-content\/uploads\/2025\/04\/GX6A0319-copy-scaled-e1745328617757-1024x322.jpg","contentUrl":"https:\/\/lyrique-belle-ile.com\/wp-content\/uploads\/2025\/04\/GX6A0319-copy-scaled-e1745328617757-1024x322.jpg"},{"@type":"BreadcrumbList","@id":"https:\/\/lyrique-belle-ile.com\/a-propos-2\/#breadcrumb","itemListElement":[{"@type":"ListItem","position":1,"name":"Accueil","item":"https:\/\/lyrique-belle-ile.com\/"},{"@type":"ListItem","position":2,"name":"A propos"}]},{"@type":"WebSite","@id":"https:\/\/lyrique-belle-ile.com\/#website","url":"https:\/\/lyrique-belle-ile.com\/","name":"Lyrical at Sea","description":"Belle Ile International Festival","publisher":{"@id":"https:\/\/lyrique-belle-ile.com\/#organization"},"potentialAction":[{"@type":"SearchAction","target":{"@type":"EntryPoint","urlTemplate":"https:\/\/lyrique-belle-ile.com\/?s={search_term_string}"},"query-input":{"@type":"PropertyValueSpecification","valueRequired":true,"valueName":"search_term_string"}}],"inLanguage":"en-US"},{"@type":"Organization","@id":"https:\/\/lyrique-belle-ile.com\/#organization","name":"Lyrical at Sea","url":"https:\/\/lyrique-belle-ile.com\/","logo":{"@type":"ImageObject","inLanguage":"en-US","@id":"https:\/\/lyrique-belle-ile.com\/#\/schema\/logo\/image\/","url":"https:\/\/lyrique-belle-ile.com\/wp-content\/uploads\/2025\/05\/Logo-site-internet-violet-350-x-100-px.svg","contentUrl":"https:\/\/lyrique-belle-ile.com\/wp-content\/uploads\/2025\/05\/Logo-site-internet-violet-350-x-100-px.svg","width":350,"height":100,"caption":"Lyrique en Mer"},"image":{"@id":"https:\/\/lyrique-belle-ile.com\/#\/schema\/logo\/image\/"},"sameAs":["https:\/\/www.facebook.com\/lyriqueenmer","https:\/\/x.com\/FestivalLyrique","https:\/\/www.instagram.com\/festivallyrique\/"]}]}},"_links":{"self":[{"href":"https:\/\/lyrique-belle-ile.com\/en\/wp-json\/wp\/v2\/pages\/8403","targetHints":{"allow":["GET"]}}],"collection":[{"href":"https:\/\/lyrique-belle-ile.com\/en\/wp-json\/wp\/v2\/pages"}],"about":[{"href":"https:\/\/lyrique-belle-ile.com\/en\/wp-json\/wp\/v2\/types\/page"}],"author":[{"embeddable":true,"href":"https:\/\/lyrique-belle-ile.com\/en\/wp-json\/wp\/v2\/users\/2"}],"replies":[{"embeddable":true,"href":"https:\/\/lyrique-belle-ile.com\/en\/wp-json\/wp\/v2\/comments?post=8403"}],"version-history":[{"count":33,"href":"https:\/\/lyrique-belle-ile.com\/en\/wp-json\/wp\/v2\/pages\/8403\/revisions"}],"predecessor-version":[{"id":9196,"href":"https:\/\/lyrique-belle-ile.com\/en\/wp-json\/wp\/v2\/pages\/8403\/revisions\/9196"}],"wp:attachment":[{"href":"https:\/\/lyrique-belle-ile.com\/en\/wp-json\/wp\/v2\/media?parent=8403"}],"curies":[{"name":"wp","href":"https:\/\/api.w.org\/{rel}","templated":true}]}}