{"id":4748,"date":"2022-08-08T08:46:29","date_gmt":"2022-08-08T07:46:29","guid":{"rendered":"https:\/\/lyrique-belle-ile.com\/?page_id=4748"},"modified":"2025-05-15T15:12:01","modified_gmt":"2025-05-15T14:12:01","slug":"festival2023","status":"publish","type":"page","link":"https:\/\/lyrique-belle-ile.com\/en\/festival2023\/","title":{"rendered":"Festival 2023"},"content":{"rendered":"<div data-elementor-type=\"wp-page\" data-elementor-id=\"4748\" class=\"elementor elementor-4748\">\n\t\t\t\t<div class=\"elementor-element elementor-element-2d14cff2 e-flex e-con-boxed e-con e-parent\" data-id=\"2d14cff2\" data-element_type=\"container\" data-e-type=\"container\">\n\t\t\t\t\t<div class=\"e-con-inner\">\n\t\t\t\t<div class=\"elementor-element elementor-element-7c3c9c8e elementor-widget-divider--view-line elementor-widget elementor-widget-divider\" data-id=\"7c3c9c8e\" data-element_type=\"widget\" data-e-type=\"widget\" data-widget_type=\"divider.default\">\n\t\t\t\t\t\t\t<div class=\"elementor-divider\">\n\t\t\t<span class=\"elementor-divider-separator\">\n\t\t\t\t\t\t<\/span>\n\t\t<\/div>\n\t\t\t\t\t\t<\/div>\n\t\t\t\t<div class=\"elementor-element elementor-element-3b039fd5 elementor-widget elementor-widget-heading\" data-id=\"3b039fd5\" data-element_type=\"widget\" data-e-type=\"widget\" data-widget_type=\"heading.default\">\n\t\t\t\t\t<h1 class=\"elementor-heading-title elementor-size-default\">The 2023 Festival<br>of Lyrique-en-mer<\/h1>\t\t\t\t<\/div>\n\t\t\t\t\t<\/div>\n\t\t\t\t<\/div>\n\t\t<div class=\"elementor-element elementor-element-7fc0b1a e-flex e-con-boxed e-con e-parent\" data-id=\"7fc0b1a\" data-element_type=\"container\" data-e-type=\"container\">\n\t\t\t\t\t<div class=\"e-con-inner\">\n\t\t\t\t<div class=\"elementor-element elementor-element-035bba6 elementor-widget elementor-widget-text-editor\" data-id=\"035bba6\" data-element_type=\"widget\" data-e-type=\"widget\" data-widget_type=\"text-editor.default\">\n\t\t\t\t\t\t\t\t\t<p>This is the 2023 edition of the Festival. A 25th anniversary celebrated throughout the summer in the company of our artists, young artists, volunteers, partners, donors, technical and administrative teams, and you, our dear public.<\/p><p>To continue the adventure, you have the choice: explore our program, or delve into the articles and press broadcasts.\u00a0<\/p>\t\t\t\t\t\t\t\t<\/div>\n\t\t\t\t\t<\/div>\n\t\t\t\t<\/div>\n\t\t<div class=\"elementor-element elementor-element-82322be e-flex e-con-boxed e-con e-parent\" data-id=\"82322be\" data-element_type=\"container\" data-e-type=\"container\">\n\t\t\t\t\t<div class=\"e-con-inner\">\n\t\t<div class=\"elementor-element elementor-element-761db62 e-con-full e-flex e-con e-child\" data-id=\"761db62\" data-element_type=\"container\" data-e-type=\"container\">\n\t\t\t\t<div class=\"elementor-element elementor-element-e46576a elementor-align-center elementor-widget elementor-widget-button\" data-id=\"e46576a\" data-element_type=\"widget\" data-e-type=\"widget\" data-widget_type=\"button.default\">\n\t\t\t\t\t\t\t\t\t\t<a class=\"elementor-button elementor-button-link elementor-size-md\" href=\"https:\/\/lyrique-belle-ile.com\/wp-content\/uploads\/2023\/08\/Programme-Publicitaire-2023-en-A5-148-\u00d7-210-mm.pdf\" target=\"_blank\">\n\t\t\t\t\t\t<span class=\"elementor-button-content-wrapper\">\n\t\t\t\t\t\t\t\t\t<span class=\"elementor-button-text\">Program<\/span>\n\t\t\t\t\t<\/span>\n\t\t\t\t\t<\/a>\n\t\t\t\t\t\t\t\t<\/div>\n\t\t\t\t<\/div>\n\t\t<div class=\"elementor-element elementor-element-04705bb e-con-full e-flex e-con e-child\" data-id=\"04705bb\" data-element_type=\"container\" data-e-type=\"container\">\n\t\t\t\t<div class=\"elementor-element elementor-element-a6574da elementor-align-center elementor-widget elementor-widget-button\" data-id=\"a6574da\" data-element_type=\"widget\" data-e-type=\"widget\" data-widget_type=\"button.default\">\n\t\t\t\t\t\t\t\t\t\t<a class=\"elementor-button elementor-button-link elementor-size-sm\" href=\"https:\/\/lyrique-belle-ile.com\/en\/presse\/\">\n\t\t\t\t\t\t<span class=\"elementor-button-content-wrapper\">\n\t\t\t\t\t\t\t\t\t<span class=\"elementor-button-text\">The press is talking about us!<\/span>\n\t\t\t\t\t<\/span>\n\t\t\t\t\t<\/a>\n\t\t\t\t\t\t\t\t<\/div>\n\t\t\t\t<\/div>\n\t\t\t\t\t<\/div>\n\t\t\t\t<\/div>\n\t\t\t\t<section class=\"elementor-section elementor-top-section elementor-element elementor-element-359402ec elementor-section-content-middle elementor-section-stretched elementor-section-boxed elementor-section-height-default elementor-section-height-default elementor-invisible\" data-id=\"359402ec\" data-element_type=\"section\" data-e-type=\"section\" data-settings=\"{&quot;stretch_section&quot;:&quot;section-stretched&quot;,&quot;animation&quot;:&quot;fadeIn&quot;}\">\n\t\t\t\t\t\t<div class=\"elementor-container elementor-column-gap-extended\">\n\t\t\t\t\t<div class=\"elementor-column elementor-col-100 elementor-top-column elementor-element elementor-element-3f744c99\" data-id=\"3f744c99\" data-element_type=\"column\" data-e-type=\"column\">\n\t\t\t<div class=\"elementor-widget-wrap elementor-element-populated\">\n\t\t\t\t\t\t<div class=\"elementor-element elementor-element-74bfb027 elementor-arrows-position-inside elementor-pagination-position-outside elementor-widget elementor-widget-image-carousel\" data-id=\"74bfb027\" data-element_type=\"widget\" data-e-type=\"widget\" data-settings=\"{&quot;slides_to_show&quot;:&quot;2&quot;,&quot;autoplay_speed&quot;:2500,&quot;slides_to_scroll&quot;:&quot;2&quot;,&quot;navigation&quot;:&quot;both&quot;,&quot;autoplay&quot;:&quot;yes&quot;,&quot;pause_on_hover&quot;:&quot;yes&quot;,&quot;pause_on_interaction&quot;:&quot;yes&quot;,&quot;infinite&quot;:&quot;yes&quot;,&quot;speed&quot;:500,&quot;image_spacing_custom&quot;:{&quot;unit&quot;:&quot;px&quot;,&quot;size&quot;:20,&quot;sizes&quot;:[]},&quot;image_spacing_custom_tablet&quot;:{&quot;unit&quot;:&quot;px&quot;,&quot;size&quot;:&quot;&quot;,&quot;sizes&quot;:[]},&quot;image_spacing_custom_mobile&quot;:{&quot;unit&quot;:&quot;px&quot;,&quot;size&quot;:&quot;&quot;,&quot;sizes&quot;:[]}}\" data-widget_type=\"image-carousel.default\">\n\t\t\t\t\t\t\t<div class=\"elementor-image-carousel-wrapper swiper\" role=\"region\" aria-roledescription=\"carousel\" aria-label=\"Image carousel\" dir=\"ltr\">\n\t\t\t<div class=\"elementor-image-carousel swiper-wrapper\" aria-live=\"off\">\n\t\t\t\t\t\t\t\t<div class=\"swiper-slide\" role=\"group\" aria-roledescription=\"slide\" aria-label=\"1 of 27\"><figure class=\"swiper-slide-inner\"><img decoding=\"async\" class=\"swiper-slide-image\" src=\"https:\/\/lyrique-belle-ile.com\/wp-content\/uploads\/2023\/08\/Nemanja-Radulovic-and-Double-Sens-22-scaled-e1692781821639.jpg\" alt=\"Nemanja Radulovi\u0107 &amp; Double Sens - \u00a9Ingrid Chiron\" \/><figcaption class=\"elementor-image-carousel-caption\">Nemanja Radulovi\u0107 &amp; Double Sens - \u00a9Ingrid Chiron<\/figcaption><\/figure><\/div><div class=\"swiper-slide\" role=\"group\" aria-roledescription=\"slide\" aria-label=\"2 of 27\"><figure class=\"swiper-slide-inner\"><img decoding=\"async\" class=\"swiper-slide-image\" src=\"https:\/\/lyrique-belle-ile.com\/wp-content\/uploads\/2023\/08\/Nemanja-Radulovic-and-Double-Sens-15-scaled-e1692781856897.jpg\" alt=\"Nemanja Radulovi\u0107 &amp; Double Sens - \u00a9Ingrid Chiron\" \/><figcaption class=\"elementor-image-carousel-caption\">Nemanja Radulovi\u0107 &amp; Double Sens - \u00a9Ingrid Chiron<\/figcaption><\/figure><\/div><div class=\"swiper-slide\" role=\"group\" aria-roledescription=\"slide\" aria-label=\"3 of 27\"><figure class=\"swiper-slide-inner\"><img decoding=\"async\" class=\"swiper-slide-image\" src=\"https:\/\/lyrique-belle-ile.com\/wp-content\/uploads\/2023\/07\/Nemanja-Radulovic-and-Double-Sens-6-scaled-e1692781876583.jpg\" alt=\"Nemanja Radulovi\u0107 &amp; Double Sens - \u00a9Ingrid Chiron\" \/><figcaption class=\"elementor-image-carousel-caption\">Nemanja Radulovi\u0107 &amp; Double Sens - \u00a9Ingrid Chiron<\/figcaption><\/figure><\/div><div class=\"swiper-slide\" role=\"group\" aria-roledescription=\"slide\" aria-label=\"4 of 27\"><figure class=\"swiper-slide-inner\"><img decoding=\"async\" class=\"swiper-slide-image\" src=\"https:\/\/lyrique-belle-ile.com\/wp-content\/uploads\/2023\/08\/DSC_0728-1-scaled.jpg\" alt=\"Didon et En\u00e9e - \u00a9Ingrid Chiron\" \/><figcaption class=\"elementor-image-carousel-caption\">Dido and Aeneas - \u00a9Ingrid Chiron<\/figcaption><\/figure><\/div><div class=\"swiper-slide\" role=\"group\" aria-roledescription=\"slide\" aria-label=\"5 of 27\"><figure class=\"swiper-slide-inner\"><img decoding=\"async\" class=\"swiper-slide-image\" src=\"https:\/\/lyrique-belle-ile.com\/wp-content\/uploads\/2023\/07\/Lyrique-les-compositrices-19-scaled.jpg\" alt=\"R\u00e9cital: Les Compositrices - \u00a9Ingrid Chiron\" \/><figcaption class=\"elementor-image-carousel-caption\">Recital: The Composers - \u00a9Ingrid Chiron<\/figcaption><\/figure><\/div><div class=\"swiper-slide\" role=\"group\" aria-roledescription=\"slide\" aria-label=\"6 of 27\"><figure class=\"swiper-slide-inner\"><img decoding=\"async\" class=\"swiper-slide-image\" src=\"https:\/\/lyrique-belle-ile.com\/wp-content\/uploads\/2023\/07\/Lyrique-les-compositrices-5-scaled.jpg\" alt=\"R\u00e9cital: Les Compositrices - \u00a9Ingrid Chiron\" \/><figcaption class=\"elementor-image-carousel-caption\">Recital: The Composers - \u00a9Ingrid Chiron<\/figcaption><\/figure><\/div><div class=\"swiper-slide\" role=\"group\" aria-roledescription=\"slide\" aria-label=\"7 of 27\"><figure class=\"swiper-slide-inner\"><img decoding=\"async\" class=\"swiper-slide-image\" src=\"https:\/\/lyrique-belle-ile.com\/wp-content\/uploads\/2023\/08\/DSC_1140-scaled-e1692779663440.jpg\" alt=\"Gala des Op\u00e9ras - 06\/08\" \/><figcaption class=\"elementor-image-carousel-caption\">Opera Gala - 06\/08<\/figcaption><\/figure><\/div><div class=\"swiper-slide\" role=\"group\" aria-roledescription=\"slide\" aria-label=\"8 of 27\"><figure class=\"swiper-slide-inner\"><img decoding=\"async\" class=\"swiper-slide-image\" src=\"https:\/\/lyrique-belle-ile.com\/wp-content\/uploads\/2023\/08\/DSC_1231-scaled.jpg\" alt=\"Gala des Op\u00e9ras - 06\/08\" \/><figcaption class=\"elementor-image-carousel-caption\">Opera Gala - 06\/08<\/figcaption><\/figure><\/div><div class=\"swiper-slide\" role=\"group\" aria-roledescription=\"slide\" aria-label=\"9 of 27\"><figure class=\"swiper-slide-inner\"><img decoding=\"async\" class=\"swiper-slide-image\" src=\"https:\/\/lyrique-belle-ile.com\/wp-content\/uploads\/2023\/08\/DSC_1116-scaled.jpg\" alt=\"Gala des Op\u00e9ras - 06\/08\" \/><figcaption class=\"elementor-image-carousel-caption\">Opera Gala - 06\/08<\/figcaption><\/figure><\/div><div class=\"swiper-slide\" role=\"group\" aria-roledescription=\"slide\" aria-label=\"10 of 27\"><figure class=\"swiper-slide-inner\"><img decoding=\"async\" class=\"swiper-slide-image\" src=\"https:\/\/lyrique-belle-ile.com\/wp-content\/uploads\/2023\/08\/DSC_1246-scaled-e1692779698566.jpg\" alt=\"Gala des Op\u00e9ras - 06\/08\" \/><figcaption class=\"elementor-image-carousel-caption\">Opera Gala - 06\/08<\/figcaption><\/figure><\/div><div class=\"swiper-slide\" role=\"group\" aria-roledescription=\"slide\" aria-label=\"11 of 27\"><figure class=\"swiper-slide-inner\"><img decoding=\"async\" class=\"swiper-slide-image\" src=\"https:\/\/lyrique-belle-ile.com\/wp-content\/uploads\/2023\/08\/DSC_1143-scaled.jpg\" alt=\"Gala des Op\u00e9ras - 06\/08\" \/><figcaption class=\"elementor-image-carousel-caption\">Opera Gala - 06\/08<\/figcaption><\/figure><\/div><div class=\"swiper-slide\" role=\"group\" aria-roledescription=\"slide\" aria-label=\"12 of 27\"><figure class=\"swiper-slide-inner\"><img decoding=\"async\" class=\"swiper-slide-image\" src=\"https:\/\/lyrique-belle-ile.com\/wp-content\/uploads\/2023\/08\/DSC_0941-scaled.jpg\" alt=\"Concert Promenade - 06\/08\" \/><figcaption class=\"elementor-image-carousel-caption\">Promenade Concert - 06\/08<\/figcaption><\/figure><\/div><div class=\"swiper-slide\" role=\"group\" aria-roledescription=\"slide\" aria-label=\"13 of 27\"><figure class=\"swiper-slide-inner\"><img decoding=\"async\" class=\"swiper-slide-image\" src=\"https:\/\/lyrique-belle-ile.com\/wp-content\/uploads\/2023\/08\/DSC_0883-scaled-e1692781922843.jpg\" alt=\"Concert Promenade - 06\/08\" \/><figcaption class=\"elementor-image-carousel-caption\">Promenade Concert - 06\/08<\/figcaption><\/figure><\/div><div class=\"swiper-slide\" role=\"group\" aria-roledescription=\"slide\" aria-label=\"14 of 27\"><figure class=\"swiper-slide-inner\"><img decoding=\"async\" class=\"swiper-slide-image\" src=\"https:\/\/lyrique-belle-ile.com\/wp-content\/uploads\/2023\/08\/DSC_0774-scaled-e1692781945347.jpg\" alt=\"La Passion Selon St Jean - 03\/08\" \/><figcaption class=\"elementor-image-carousel-caption\">The Passion According to St John - 03\/08<\/figcaption><\/figure><\/div><div class=\"swiper-slide\" role=\"group\" aria-roledescription=\"slide\" aria-label=\"15 of 27\"><figure class=\"swiper-slide-inner\"><img decoding=\"async\" class=\"swiper-slide-image\" src=\"https:\/\/lyrique-belle-ile.com\/wp-content\/uploads\/2023\/08\/DSC_0808-scaled.jpg\" alt=\"La Passion Selon St Jean - 03\/08\" \/><figcaption class=\"elementor-image-carousel-caption\">The Passion According to St John - 03\/08<\/figcaption><\/figure><\/div><div class=\"swiper-slide\" role=\"group\" aria-roledescription=\"slide\" aria-label=\"16 of 27\"><figure class=\"swiper-slide-inner\"><img decoding=\"async\" class=\"swiper-slide-image\" src=\"https:\/\/lyrique-belle-ile.com\/wp-content\/uploads\/2023\/08\/DSC_0245-scaled.jpg\" alt=\"La Passion Selon St Jean - 07\/08\" \/><figcaption class=\"elementor-image-carousel-caption\">The Passion According to St John - 07\/08<\/figcaption><\/figure><\/div><div class=\"swiper-slide\" role=\"group\" aria-roledescription=\"slide\" aria-label=\"17 of 27\"><figure class=\"swiper-slide-inner\"><img decoding=\"async\" class=\"swiper-slide-image\" src=\"https:\/\/lyrique-belle-ile.com\/wp-content\/uploads\/2023\/08\/DSC_0715-scaled-e1692353358847.jpg\" alt=\"Romancero - 01\/08\" \/><figcaption class=\"elementor-image-carousel-caption\">Romancero - 01\/08<\/figcaption><\/figure><\/div><div class=\"swiper-slide\" role=\"group\" aria-roledescription=\"slide\" aria-label=\"18 of 27\"><figure class=\"swiper-slide-inner\"><img decoding=\"async\" class=\"swiper-slide-image\" src=\"https:\/\/lyrique-belle-ile.com\/wp-content\/uploads\/2023\/08\/Restitution-2023-Stage-enfantsA\u00a9Vincent-Quint-9-scaled.jpg\" alt=\"Stage Chant Choral - \u00a9Vincent Quint\" \/><figcaption class=\"elementor-image-carousel-caption\">Choral Singing Course - \u00a9Vincent Quint<\/figcaption><\/figure><\/div><div class=\"swiper-slide\" role=\"group\" aria-roledescription=\"slide\" aria-label=\"19 of 27\"><figure class=\"swiper-slide-inner\"><img decoding=\"async\" class=\"swiper-slide-image\" src=\"https:\/\/lyrique-belle-ile.com\/wp-content\/uploads\/2023\/08\/Restitution-2023-Stage-enfantsA\u00a9Vincent-Quint-3-scaled.jpg\" alt=\"Stage Chant Choral - \u00a9Vincent Quint\" \/><figcaption class=\"elementor-image-carousel-caption\">Choral Singing Course - \u00a9Vincent Quint<\/figcaption><\/figure><\/div><div class=\"swiper-slide\" role=\"group\" aria-roledescription=\"slide\" aria-label=\"20 of 27\"><figure class=\"swiper-slide-inner\"><img decoding=\"async\" class=\"swiper-slide-image\" src=\"https:\/\/lyrique-belle-ile.com\/wp-content\/uploads\/2023\/08\/2023-07-22-Lyrique-Enfants-Ecluse-Ingrid-Chiron-5-scaled.jpg\" alt=\"Stage Chant Choral -  \u00a9Ingrid Chiron\" \/><figcaption class=\"elementor-image-carousel-caption\">Choral Singing Course - \u00a9Ingrid Chiron<\/figcaption><\/figure><\/div><div class=\"swiper-slide\" role=\"group\" aria-roledescription=\"slide\" aria-label=\"21 of 27\"><figure class=\"swiper-slide-inner\"><img decoding=\"async\" class=\"swiper-slide-image\" src=\"https:\/\/lyrique-belle-ile.com\/wp-content\/uploads\/2023\/08\/2023-07-22-Lyrique-Enfants-Ecluse-Ingrid-Chiron-3-scaled.jpg\" alt=\"Stage Chant Choral - \u00a9Ingrid Chiron\" \/><figcaption class=\"elementor-image-carousel-caption\">Choral Singing Course - \u00a9Ingrid Chiron<\/figcaption><\/figure><\/div><div class=\"swiper-slide\" role=\"group\" aria-roledescription=\"slide\" aria-label=\"22 of 27\"><figure class=\"swiper-slide-inner\"><img decoding=\"async\" class=\"swiper-slide-image\" src=\"https:\/\/lyrique-belle-ile.com\/wp-content\/uploads\/2023\/08\/DSC_0018-scaled-e1692780005942.jpg\" alt=\"Hommage \u00e0 Sarah Bernhardt - 09\/08\" \/><figcaption class=\"elementor-image-carousel-caption\">Tribute to Sarah Bernhardt - 09\/08<\/figcaption><\/figure><\/div><div class=\"swiper-slide\" role=\"group\" aria-roledescription=\"slide\" aria-label=\"23 of 27\"><figure class=\"swiper-slide-inner\"><img decoding=\"async\" class=\"swiper-slide-image\" src=\"https:\/\/lyrique-belle-ile.com\/wp-content\/uploads\/2023\/08\/DSC_0019-scaled-e1692780038865.jpg\" alt=\"Hommage \u00e0 Sarah Bernhardt - 09\/08\" \/><figcaption class=\"elementor-image-carousel-caption\">Tribute to Sarah Bernhardt - 09\/08<\/figcaption><\/figure><\/div><div class=\"swiper-slide\" role=\"group\" aria-roledescription=\"slide\" aria-label=\"24 of 27\"><figure class=\"swiper-slide-inner\"><img decoding=\"async\" class=\"swiper-slide-image\" src=\"https:\/\/lyrique-belle-ile.com\/wp-content\/uploads\/2023\/08\/DSC_0025-scaled-e1692780064631.jpg\" alt=\"Hommage \u00e0 Sarah Bernhardt - 09\/08\" \/><figcaption class=\"elementor-image-carousel-caption\">Tribute to Sarah Bernhardt - 09\/08<\/figcaption><\/figure><\/div><div class=\"swiper-slide\" role=\"group\" aria-roledescription=\"slide\" aria-label=\"25 of 27\"><figure class=\"swiper-slide-inner\"><img decoding=\"async\" class=\"swiper-slide-image\" src=\"https:\/\/lyrique-belle-ile.com\/wp-content\/uploads\/2023\/08\/DSC_0126-scaled.jpg\" alt=\"Hommage \u00e0 Sarah Bernhardt - 09\/08\" \/><figcaption class=\"elementor-image-carousel-caption\">Tribute to Sarah Bernhardt - 09\/08<\/figcaption><\/figure><\/div><div class=\"swiper-slide\" role=\"group\" aria-roledescription=\"slide\" aria-label=\"26 of 27\"><figure class=\"swiper-slide-inner\"><img decoding=\"async\" class=\"swiper-slide-image\" src=\"https:\/\/lyrique-belle-ile.com\/wp-content\/uploads\/2023\/08\/DSC_0356-scaled.jpg\" alt=\"Concert A. Queff\u00e9lec &amp; G. Dehaene - 12\/08\" \/><figcaption class=\"elementor-image-carousel-caption\">Concert A. Queff\u00e9lec &amp; G. Dehaene - 12\/08<\/figcaption><\/figure><\/div><div class=\"swiper-slide\" role=\"group\" aria-roledescription=\"slide\" aria-label=\"27 of 27\"><figure class=\"swiper-slide-inner\"><img decoding=\"async\" class=\"swiper-slide-image\" src=\"https:\/\/lyrique-belle-ile.com\/wp-content\/uploads\/2023\/08\/DSC_0367-scaled.jpg\" alt=\"Concert A. Queff\u00e9lec &amp; G. Dehaene - 12\/08\" \/><figcaption class=\"elementor-image-carousel-caption\">Concert A. Queff\u00e9lec &amp; G. Dehaene - 12\/08<\/figcaption><\/figure><\/div>\t\t\t<\/div>\n\t\t\t\t\t\t\t\t\t\t\t\t<div class=\"elementor-swiper-button elementor-swiper-button-prev\" role=\"button\" tabindex=\"0\">\n\t\t\t\t\t\t<i aria-hidden=\"true\" class=\"eicon-chevron-left\"><\/i>\t\t\t\t\t<\/div>\n\t\t\t\t\t<div class=\"elementor-swiper-button elementor-swiper-button-next\" role=\"button\" tabindex=\"0\">\n\t\t\t\t\t\t<i aria-hidden=\"true\" class=\"eicon-chevron-right\"><\/i>\t\t\t\t\t<\/div>\n\t\t\t\t\n\t\t\t\t\t\t\t\t\t<div class=\"swiper-pagination\"><\/div>\n\t\t\t\t\t\t\t\t\t<\/div>\n\t\t\t\t\t\t<\/div>\n\t\t\t\t\t<\/div>\n\t\t<\/div>\n\t\t\t\t\t<\/div>\n\t\t<\/section>\n\t\t<div class=\"elementor-element elementor-element-d467a7d e-flex e-con-boxed e-con e-parent\" data-id=\"d467a7d\" data-element_type=\"container\" data-e-type=\"container\">\n\t\t\t\t\t<div class=\"e-con-inner\">\n\t\t\t\t<div class=\"elementor-element elementor-element-e6f87d7 elementor-widget-divider--view-line elementor-widget elementor-widget-divider\" data-id=\"e6f87d7\" data-element_type=\"widget\" data-e-type=\"widget\" data-widget_type=\"divider.default\">\n\t\t\t\t\t\t\t<div class=\"elementor-divider\">\n\t\t\t<span class=\"elementor-divider-separator\">\n\t\t\t\t\t\t<\/span>\n\t\t<\/div>\n\t\t\t\t\t\t<\/div>\n\t\t\t\t<div class=\"elementor-element elementor-element-fb245f0 elementor-widget elementor-widget-heading\" data-id=\"fb245f0\" data-element_type=\"widget\" data-e-type=\"widget\" data-widget_type=\"heading.default\">\n\t\t\t\t\t<h2 class=\"elementor-heading-title elementor-size-default\">Nemanja Radulovi\u0107 &amp; the Double Sens ensemble<\/h2>\t\t\t\t<\/div>\n\t\t<div class=\"elementor-element elementor-element-a3ee629 e-flex e-con-boxed e-con e-child\" data-id=\"a3ee629\" data-element_type=\"container\" data-e-type=\"container\">\n\t\t\t\t\t<div class=\"e-con-inner\">\n\t\t\t\t<div class=\"elementor-element elementor-element-1e544ed elementor-widget-divider--view-line elementor-widget elementor-widget-divider\" data-id=\"1e544ed\" data-element_type=\"widget\" data-e-type=\"widget\" data-widget_type=\"divider.default\">\n\t\t\t\t\t\t\t<div class=\"elementor-divider\">\n\t\t\t<span class=\"elementor-divider-separator\">\n\t\t\t\t\t\t<\/span>\n\t\t<\/div>\n\t\t\t\t\t\t<\/div>\n\t\t\t\t<div class=\"elementor-element elementor-element-fd7dc87 elementor-widget elementor-widget-text-editor\" data-id=\"fd7dc87\" data-element_type=\"widget\" data-e-type=\"widget\" data-widget_type=\"text-editor.default\">\n\t\t\t\t\t\t\t\t\t<p dir=\"ltr\">Nemanja Radulovi\u0107 is an artist that you have already seen in Belle-\u00cele. He does us the honor and the friendship of returning with his Double Sens ensemble to open the 25th anniversary festival, with\u00a0<em>Roots<\/em>, an exceptional concert that will take us on a musical tour of the world, from Serbia to Ireland, via Argentina and Japan.<\/p><p dir=\"ltr\">The album\u00a0<em>Roots<\/em>\u00a0combines prodigious gifts for the classical violin, a heritage from southeastern Europe, a cosmopolitan French identity, an absolute belief in the transcendence of music as a human language and a desire to travel accentuated by the various restrictions of these last years.<\/p>\t\t\t\t\t\t\t\t<\/div>\n\t\t<div class=\"elementor-element elementor-element-5a82239 e-flex e-con-boxed e-con e-child\" data-id=\"5a82239\" data-element_type=\"container\" data-e-type=\"container\">\n\t\t\t\t\t<div class=\"e-con-inner\">\n\t\t\t\t<div class=\"elementor-element elementor-element-b8f93d4 elementor-widget__width-initial elementor-widget elementor-widget-video\" data-id=\"b8f93d4\" data-element_type=\"widget\" data-e-type=\"widget\" data-settings=\"{&quot;youtube_url&quot;:&quot;https:\\\/\\\/youtu.be\\\/tlzRZYPl4ok&quot;,&quot;video_type&quot;:&quot;youtube&quot;,&quot;controls&quot;:&quot;yes&quot;}\" data-widget_type=\"video.default\">\n\t\t\t\t\t\t\t<div class=\"elementor-wrapper elementor-open-inline\">\n\t\t\t<div class=\"elementor-video\"><\/div>\t\t<\/div>\n\t\t\t\t\t\t<\/div>\n\t\t\t\t\t<\/div>\n\t\t\t\t<\/div>\n\t\t\t\t<div class=\"elementor-element elementor-element-122da53 elementor-widget elementor-widget-text-editor\" data-id=\"122da53\" data-element_type=\"widget\" data-e-type=\"widget\" data-widget_type=\"text-editor.default\">\n\t\t\t\t\t\t\t\t\t<p style=\"font-weight: 400;\">With :\u00a0<\/p><p style=\"font-weight: 400;\"><strong>NOT<\/strong><strong>emanja Radulovic \u2022<\/strong>\u00a0direction and violin<\/p><p style=\"font-weight: 400;\"><strong>Tijana Milo\u0161evi\u0107, Guillaume Fontanarosa, Mathilde Potier, Nemanja Ljubinkovi\u0107, Kristina Atanasova Radulovi\u0107, Fr\u00e9d\u00e9ric Dessus, Nata\u0161a Gruji\u0107 \u2022\u00a0<\/strong>violin<\/p><p style=\"font-weight: 400;\"><strong>Ksenija Milo\u0161evi\u0107 \u2022\u00a0<\/strong>violin &amp; vocals<\/p><p style=\"font-weight: 400;\"><strong>Boris Brezovac, Emmanuel Gross, Aleksandra Kurili\u0107 \u2022\u00a0<\/strong>alto<\/p><p style=\"font-weight: 400;\"><strong>Anne Biragnet, Madeleine Dou\u00e7ot \u2022\u00a0<\/strong>cello<\/p><p style=\"font-weight: 400;\"><strong>Boban Sto\u0161i\u0107 \u2022\u00a0<\/strong>bass<\/p><p style=\"font-weight: 400;\"><strong>Stephanie Fontanarosa \u2022\u00a0<\/strong>piano<\/p><p><strong>Aleksandar Sedlar \u2022\u00a0<\/strong><span style=\"font-weight: 400;\">guitar and drums<\/span><\/p>\t\t\t\t\t\t\t\t<\/div>\n\t\t\t\t<div class=\"elementor-element elementor-element-548ea7d elementor-widget elementor-widget-text-editor\" data-id=\"548ea7d\" data-element_type=\"widget\" data-e-type=\"widget\" data-widget_type=\"text-editor.default\">\n\t\t\t\t\t\t\t\t\t<p style=\"text-align: center;\"><strong>Find them, for the Exceptional Concert \u201c\u00a0<em>ROOTS<\/em>\u00a0were\u00a0<\/strong><\/p><p style=\"text-align: center;\"><strong>July 26, 2023\u00a0<\/strong><strong style=\"letter-spacing: 1.2px;\">at the Bois du G\u00e9nie in Le Palais.<\/strong><\/p>\t\t\t\t\t\t\t\t<\/div>\n\t\t\t\t\t<\/div>\n\t\t\t\t<\/div>\n\t\t\t\t\t<\/div>\n\t\t\t\t<\/div>\n\t\t<div class=\"elementor-element elementor-element-71408dd e-flex e-con-boxed e-con e-parent\" data-id=\"71408dd\" data-element_type=\"container\" data-e-type=\"container\">\n\t\t\t\t\t<div class=\"e-con-inner\">\n\t\t\t\t<div class=\"elementor-element elementor-element-b04afa5 elementor-widget elementor-widget-heading\" data-id=\"b04afa5\" data-element_type=\"widget\" data-e-type=\"widget\" data-widget_type=\"heading.default\">\n\t\t\t\t\t<h2 class=\"elementor-heading-title elementor-size-default\">Anne Queff\u00e9lec &amp; Gaspard Dehaene<\/h2>\t\t\t\t<\/div>\n\t\t<div class=\"elementor-element elementor-element-27d88bd e-flex e-con-boxed e-con e-child\" data-id=\"27d88bd\" data-element_type=\"container\" data-e-type=\"container\">\n\t\t\t\t\t<div class=\"e-con-inner\">\n\t\t\t\t<div class=\"elementor-element elementor-element-515fefa elementor-widget-divider--view-line elementor-widget elementor-widget-divider\" data-id=\"515fefa\" data-element_type=\"widget\" data-e-type=\"widget\" data-widget_type=\"divider.default\">\n\t\t\t\t\t\t\t<div class=\"elementor-divider\">\n\t\t\t<span class=\"elementor-divider-separator\">\n\t\t\t\t\t\t<\/span>\n\t\t<\/div>\n\t\t\t\t\t\t<\/div>\n\t\t\t\t<div class=\"elementor-element elementor-element-c0d5d67 elementor-widget elementor-widget-text-editor\" data-id=\"c0d5d67\" data-element_type=\"widget\" data-e-type=\"widget\" data-widget_type=\"text-editor.default\">\n\t\t\t\t\t\t\t\t\t<strong>Anne Queff\u00e9lec\u00a0<\/strong> piano\n<p style=\"text-align: justify;\">Considered one of the great personalities of today&#039;s piano, Anne Queff\u00e9lec enjoys international notoriety and exceptional influence on musical life.<\/p>\n<p style=\"text-align: justify;\">Popular in Europe, Japan, Hong Kong, Canada, United States\u2026 the greatest orchestral groups invite him \u2013 London Symphony, London Philharmonic, Philharmonia Orchestra, BBC, Tokyo NHK Orchestra, Orchester Philharmonique de Radio France, Prague Philharmonie, Sinfonia Varsovia\u2026 under the direction of prestigious conductors such as Boulez, Gardiner, Jordan, Eschenbach, Langr\u00e9e, Zecchi, Foster,\u2026 \u201cBest performer of the year\u201d at the Victoires de la Musique in 1990, she is a guest at the most important festivals de France, Folle Journe de Nantes, Grange de Meslay, Chaise-Dieu, Montpellier, Roque d\u2019Anth\u00e9ron\u2026 as well as three times at the famous \u201cProms\u201d in London.<\/p>\n<p style=\"text-align: justify;\">She cultivates an eclectic repertoire as evidenced by her rich discography, more than forty recordings, from Scarlatti to Dutilleux. In 2019, Warner\/Erato published an anniversary box set of 21 CDs, made between 1970 and 1996. His latest CD released by Mirare in November 2022, dedicated to the last 3 sonatas of Beethoven, received an enthusiastic media reception.<\/p>\n<p style=\"text-align: justify;\"><strong>Gaspard Dehaene<\/strong> piano<\/p>\n<p style=\"text-align: justify;\">At 16, his musical encounter with Chopin made him abandon tennis for music. After his studies at the CNSMDP and the Mozarteum in Salzburg, he began a career, invited to prestigious halls and festivals: Philharmonie de Paris, the Roque d&#039;Anth\u00e9ron, Folle Journe de Nantes, Carnegie Hall in New York, OJI Hall in Tokyo... recital as in concerto under the baton of renowned conductors.<\/p>\n<p style=\"text-align: justify;\">A passionate chamber musician, he shares the stage with A. Queff\u00e9lec, S. Compagnon, V. Julien-Laferri\u00e8re\u2026 Privileged partner of Adrien Boisseau, he records two albums with him. Furthermore, he collaborates with the mezzo-soprano Victoire Bunel at the Orsay-Royaumont foundation.<\/p>\n<p style=\"text-align: justify;\">The music of his time is close to his heart. Requested numerous times by different composers, he had the privilege of creating \u201can ephemeris page\u201d by Boulez.<\/p>\n<p style=\"text-align: justify;\">After two solo albums praised by the press, \u201cFantaisie\u201d and \u201cVers l&#039;ailleurs\u201d, he continued with the 1001 Notes label for his third disc: \u201c\u00c0 la Mazur\u201d dedicated to Chopin. A Steinway artist, he has been teaching since September 2021 as an assistant in Rena Shereshevskaya&#039;s class at the \u00c9cole Normale de Musique in Paris.<\/p>\t\t\t\t\t\t\t\t<\/div>\n\t\t<div class=\"elementor-element elementor-element-94b90f0 e-flex e-con-boxed e-con e-child\" data-id=\"94b90f0\" data-element_type=\"container\" data-e-type=\"container\">\n\t\t\t\t\t<div class=\"e-con-inner\">\n\t\t\t\t<div class=\"elementor-element elementor-element-0f204a7 elementor-widget elementor-widget-image\" data-id=\"0f204a7\" data-element_type=\"widget\" data-e-type=\"widget\" data-widget_type=\"image.default\">\n\t\t\t\t\t\t\t\t\t\t\t\t\t\t\t<img fetchpriority=\"high\" decoding=\"async\" width=\"768\" height=\"512\" src=\"https:\/\/lyrique-belle-ile.com\/wp-content\/uploads\/2023\/06\/Photo-Duo-Anne-Queffelec-Gaspard-Dehaene\u00a9Caroline-Doutre-768x512.jpg\" class=\"attachment-medium_large size-medium_large wp-image-6463\" alt=\"\" srcset=\"https:\/\/lyrique-belle-ile.com\/wp-content\/uploads\/2023\/06\/Photo-Duo-Anne-Queffelec-Gaspard-Dehaene\u00a9Caroline-Doutre-768x512.jpg 768w, https:\/\/lyrique-belle-ile.com\/wp-content\/uploads\/2023\/06\/Photo-Duo-Anne-Queffelec-Gaspard-Dehaene\u00a9Caroline-Doutre-300x200.jpg 300w, https:\/\/lyrique-belle-ile.com\/wp-content\/uploads\/2023\/06\/Photo-Duo-Anne-Queffelec-Gaspard-Dehaene\u00a9Caroline-Doutre-1024x683.jpg 1024w, https:\/\/lyrique-belle-ile.com\/wp-content\/uploads\/2023\/06\/Photo-Duo-Anne-Queffelec-Gaspard-Dehaene\u00a9Caroline-Doutre-1536x1024.jpg 1536w, https:\/\/lyrique-belle-ile.com\/wp-content\/uploads\/2023\/06\/Photo-Duo-Anne-Queffelec-Gaspard-Dehaene\u00a9Caroline-Doutre-2048x1365.jpg 2048w, https:\/\/lyrique-belle-ile.com\/wp-content\/uploads\/2023\/06\/Photo-Duo-Anne-Queffelec-Gaspard-Dehaene\u00a9Caroline-Doutre-18x12.jpg 18w\" sizes=\"(max-width: 768px) 100vw, 768px\" \/>\t\t\t\t\t\t\t\t\t\t\t\t\t\t\t<\/div>\n\t\t\t\t\t<\/div>\n\t\t\t\t<\/div>\n\t\t\t\t<div class=\"elementor-element elementor-element-ff0cc90 elementor-widget elementor-widget-text-editor\" data-id=\"ff0cc90\" data-element_type=\"widget\" data-e-type=\"widget\" data-widget_type=\"text-editor.default\">\n\t\t\t\t\t\t\t\t\t<p style=\"text-align: center;\"><strong>Find them, for an Exceptional Concert<\/strong><\/p><p style=\"text-align: center;\"><strong>\u00a0August 12, 2023\u00a0<\/strong><strong style=\"letter-spacing: 1.2px;\">at Bangor Church.<\/strong><\/p>\t\t\t\t\t\t\t\t<\/div>\n\t\t\t\t\t<\/div>\n\t\t\t\t<\/div>\n\t\t\t\t\t<\/div>\n\t\t\t\t<\/div>\n\t\t<div class=\"elementor-element elementor-element-64735bd e-flex e-con-boxed e-con e-parent\" data-id=\"64735bd\" data-element_type=\"container\" data-e-type=\"container\">\n\t\t\t\t\t<div class=\"e-con-inner\">\n\t\t\t\t<div class=\"elementor-element elementor-element-5d83c27 elementor-widget elementor-widget-heading\" data-id=\"5d83c27\" data-element_type=\"widget\" data-e-type=\"widget\" data-widget_type=\"heading.default\">\n\t\t\t\t\t<h2 class=\"elementor-heading-title elementor-size-default\">El\u00e9onore Gagey &amp; Guillaume Bleton<\/h2>\t\t\t\t<\/div>\n\t\t<div class=\"elementor-element elementor-element-6569d91 e-flex e-con-boxed e-con e-child\" data-id=\"6569d91\" data-element_type=\"container\" data-e-type=\"container\">\n\t\t\t\t\t<div class=\"e-con-inner\">\n\t\t\t\t<div class=\"elementor-element elementor-element-c3b7bb5 elementor-widget-divider--view-line elementor-widget elementor-widget-divider\" data-id=\"c3b7bb5\" data-element_type=\"widget\" data-e-type=\"widget\" data-widget_type=\"divider.default\">\n\t\t\t\t\t\t\t<div class=\"elementor-divider\">\n\t\t\t<span class=\"elementor-divider-separator\">\n\t\t\t\t\t\t<\/span>\n\t\t<\/div>\n\t\t\t\t\t\t<\/div>\n\t\t\t\t<div class=\"elementor-element elementor-element-d329fc7 elementor-widget elementor-widget-text-editor\" data-id=\"d329fc7\" data-element_type=\"widget\" data-e-type=\"widget\" data-widget_type=\"text-editor.default\">\n\t\t\t\t\t\t\t\t\t<strong>El\u00e9onore Gagey\u00a0<\/strong>\u00a0mezzo-soprano\n\n<p style=\"text-align: justify;\">El\u00e9onore Gagey is regularly invited to perform at the Festival Lyrique International de Belle-\u00cele, where she took her first steps with the Young Artists Academy in 2016. She recently sang Cherubin at the Saint-Etienne opera house, Carmen (<i>Carmen, Queen of the circus<\/i>) at the Avignon opera house, the roles of Cyllene and La Difficolt\u00e0 with the Talens lyriques (conducted by C. Rousset), the roles of Rosine and Donna Elvira at the Montereau theater and recently Clotilde (<i>Norma<\/i>) at the Lausanne opera, and solo viola in the <i>Requiem<\/i> by Verdi in Lausanne. Next season she will sing the role of Aristeo in <i>The Orfeo<\/i> by Sartorio on French tour with ARCAL under the direction of Philippe Jaroussky (Th\u00e9\u00e2tre de L&#039;Ath\u00e9n\u00e9e in Paris, Th\u00e9\u00e2tre de S\u00e9nart, etc.).\n<\/p>\n<p style=\"text-align: justify;\">She regularly performs in recital with pianist Martin Jollet or guitarist Guillaume Bleton. She is the winner of the 3rd Opera Prize at the Marmande International Competition and the Royaumont Foundation.<\/p>\n\n<b>William Bleton<\/b>\u00a0guitar<\/p>\n<p style=\"text-align: justify;\">Guillaume Bleton is a musician with diverse influences and practices. He began music through rock and jazz before discovering classical music. He was trained at the \u00c9cole Sup\u00e9rieure de Musique et de Danse in Lille and at the Conservatoire National Sup\u00e9rieur de Musique et de Danse in Paris. He frequently performs in chamber music with flute (Duo Lazare, Duo Tallet-Bleton), vocals (Duo Gagey-Bleton), cello (Duo Nouhaud-Bleton with whom he released the album in February 2022 <i>Archipelago<\/i> at Continuo Classics), violin (Duo Inao), groups for which he composes and arranges repertoire. A composer for live performance, he collaborates on several choreographic creations for the Cie Les Orpailleurs and regularly participates in theatrical or circus performances for which he writes and improvises instrumental and electroacoustic music. In parallel with his career as a performer and composer, Guillaume teaches guitar at the Regional Conservatory of Cr\u00e9teil.<\/p>\t\t\t\t\t\t\t\t<\/div>\n\t\t<div class=\"elementor-element elementor-element-6427a2c e-flex e-con-boxed e-con e-child\" data-id=\"6427a2c\" data-element_type=\"container\" data-e-type=\"container\">\n\t\t\t\t\t<div class=\"e-con-inner\">\n\t\t\t\t<div class=\"elementor-element elementor-element-b71cb0d elementor-widget elementor-widget-image\" data-id=\"b71cb0d\" data-element_type=\"widget\" data-e-type=\"widget\" data-widget_type=\"image.default\">\n\t\t\t\t\t\t\t\t\t\t\t\t<figure class=\"wp-caption\">\n\t\t\t\t\t\t\t\t\t\t<img decoding=\"async\" width=\"768\" height=\"512\" src=\"https:\/\/lyrique-belle-ile.com\/wp-content\/uploads\/2023\/06\/Duo-Gagey-Bleton\u00a9Capucine-de-Chocqueuse-1-768x512.jpg\" class=\"attachment-medium_large size-medium_large wp-image-6465\" alt=\"\" srcset=\"https:\/\/lyrique-belle-ile.com\/wp-content\/uploads\/2023\/06\/Duo-Gagey-Bleton\u00a9Capucine-de-Chocqueuse-1-768x512.jpg 768w, https:\/\/lyrique-belle-ile.com\/wp-content\/uploads\/2023\/06\/Duo-Gagey-Bleton\u00a9Capucine-de-Chocqueuse-1-300x200.jpg 300w, https:\/\/lyrique-belle-ile.com\/wp-content\/uploads\/2023\/06\/Duo-Gagey-Bleton\u00a9Capucine-de-Chocqueuse-1-1024x683.jpg 1024w, https:\/\/lyrique-belle-ile.com\/wp-content\/uploads\/2023\/06\/Duo-Gagey-Bleton\u00a9Capucine-de-Chocqueuse-1-1536x1024.jpg 1536w, https:\/\/lyrique-belle-ile.com\/wp-content\/uploads\/2023\/06\/Duo-Gagey-Bleton\u00a9Capucine-de-Chocqueuse-1-2048x1365.jpg 2048w, https:\/\/lyrique-belle-ile.com\/wp-content\/uploads\/2023\/06\/Duo-Gagey-Bleton\u00a9Capucine-de-Chocqueuse-1-18x12.jpg 18w\" sizes=\"(max-width: 768px) 100vw, 768px\" \/>\t\t\t\t\t\t\t\t\t\t\t<figcaption class=\"widget-image-caption wp-caption-text\">\u00a9Capucine de Chocqueuse<\/figcaption>\n\t\t\t\t\t\t\t\t\t\t<\/figure>\n\t\t\t\t\t\t\t\t\t<\/div>\n\t\t\t\t\t<\/div>\n\t\t\t\t<\/div>\n\t\t\t\t<div class=\"elementor-element elementor-element-54c346b elementor-widget elementor-widget-text-editor\" data-id=\"54c346b\" data-element_type=\"widget\" data-e-type=\"widget\" data-widget_type=\"text-editor.default\">\n\t\t\t\t\t\t\t\t\t<p style=\"text-align: center;\"><strong>Find them, for the Exceptional Concert \u201c\u00a0<em>Romancero<\/em>\"socially distanced\"\u00a0<\/strong><\/p><p style=\"text-align: center;\"><strong>\u00a0August 1, 2023\u00a0<\/strong><strong style=\"letter-spacing: 1.2px;\">at the church of Locmaria.<\/strong><\/p><p style=\"text-align: center;\">and for concerts for young audiences \u201c\u00a0<em>Fandanguillo!<\/em>\"socially distanced\"\u00a0<\/p><p style=\"text-align: center;\">on July 31, 2023 at the Salle Arletty de Palais.\u00a0<\/p><p>\u00a0<\/p>\t\t\t\t\t\t\t\t<\/div>\n\t\t\t\t\t<\/div>\n\t\t\t\t<\/div>\n\t\t\t\t\t<\/div>\n\t\t\t\t<\/div>\n\t\t\t\t<\/div>","protected":false},"excerpt":{"rendered":"<p>Le Festival 2023de Lyrique-en-mer Voil\u00e0 l\u2019\u00e9dition 2023 du Festival pass\u00e9e. Un 25e anniversaire f\u00eat\u00e9 tout au long de l\u2019\u00e9t\u00e9 en compagnie de nos artistes, jeunes artistes, b\u00e9n\u00e9voles, partenaires, donateurs, \u00e9quipes technique et administrative, et de vous, notre cher public. Pour continuer l&rsquo;aventure, vous avez le choix : explorez notre programme, ou vous plongez dans les [&hellip;]<\/p>\n","protected":false},"author":2,"featured_media":0,"parent":0,"menu_order":0,"comment_status":"closed","ping_status":"closed","template":"","meta":{"inline_featured_image":false,"footnotes":""},"class_list":["post-4748","page","type-page","status-publish","hentry"],"yoast_head":"<!-- This site is optimized with the Yoast SEO plugin v27.5 - https:\/\/yoast.com\/product\/yoast-seo-wordpress\/ -->\n<title>Festival 2023 - Lyrique en Mer<\/title>\n<meta name=\"description\" content=\"Biographie des artistes de l&#039;\u00e9dition 2022 du festival international de Belle-Ile Lyrique-en-mer.\" \/>\n<meta name=\"robots\" content=\"index, follow, max-snippet:-1, max-image-preview:large, max-video-preview:-1\" \/>\n<link rel=\"canonical\" href=\"https:\/\/lyrique-belle-ile.com\/en\/festival2023\/\" \/>\n<meta property=\"og:locale\" content=\"en_US\" \/>\n<meta property=\"og:type\" content=\"article\" \/>\n<meta property=\"og:title\" content=\"Festival 2023 - Lyrique en Mer\" \/>\n<meta property=\"og:description\" content=\"Biographie des artistes de l&#039;\u00e9dition 2022 du festival international de Belle-Ile Lyrique-en-mer.\" \/>\n<meta property=\"og:url\" content=\"https:\/\/lyrique-belle-ile.com\/en\/festival2023\/\" \/>\n<meta property=\"og:site_name\" content=\"Lyrique en Mer\" \/>\n<meta property=\"article:publisher\" content=\"https:\/\/www.facebook.com\/lyriqueenmer\" \/>\n<meta property=\"article:modified_time\" content=\"2025-05-15T14:12:01+00:00\" \/>\n<meta property=\"og:image\" content=\"https:\/\/lyrique-belle-ile.com\/wp-content\/uploads\/2022\/03\/Jeunes-artistes.png\" \/>\n\t<meta property=\"og:image:width\" content=\"2000\" \/>\n\t<meta property=\"og:image:height\" content=\"1166\" \/>\n\t<meta property=\"og:image:type\" content=\"image\/png\" \/>\n<meta name=\"twitter:card\" content=\"summary_large_image\" \/>\n<meta name=\"twitter:site\" content=\"@FestivalLyrique\" \/>\n<meta name=\"twitter:label1\" content=\"Est. reading time\" \/>\n\t<meta name=\"twitter:data1\" content=\"13 minutes\" \/>\n<script type=\"application\/ld+json\" class=\"yoast-schema-graph\">{\"@context\":\"https:\\\/\\\/schema.org\",\"@graph\":[{\"@type\":\"WebPage\",\"@id\":\"https:\\\/\\\/lyrique-belle-ile.com\\\/festival2023\\\/\",\"url\":\"https:\\\/\\\/lyrique-belle-ile.com\\\/festival2023\\\/\",\"name\":\"Festival 2023 - Lyrique en Mer\",\"isPartOf\":{\"@id\":\"https:\\\/\\\/lyrique-belle-ile.com\\\/#website\"},\"primaryImageOfPage\":{\"@id\":\"https:\\\/\\\/lyrique-belle-ile.com\\\/festival2023\\\/#primaryimage\"},\"image\":{\"@id\":\"https:\\\/\\\/lyrique-belle-ile.com\\\/festival2023\\\/#primaryimage\"},\"thumbnailUrl\":\"https:\\\/\\\/lyrique-belle-ile.com\\\/wp-content\\\/uploads\\\/2023\\\/08\\\/Nemanja-Radulovic-and-Double-Sens-22-scaled-e1692781821639.jpg\",\"datePublished\":\"2022-08-08T07:46:29+00:00\",\"dateModified\":\"2025-05-15T14:12:01+00:00\",\"description\":\"Biographie des artistes de l'\u00e9dition 2022 du festival international de Belle-Ile Lyrique-en-mer.\",\"breadcrumb\":{\"@id\":\"https:\\\/\\\/lyrique-belle-ile.com\\\/festival2023\\\/#breadcrumb\"},\"inLanguage\":\"en-US\",\"potentialAction\":[{\"@type\":\"ReadAction\",\"target\":[\"https:\\\/\\\/lyrique-belle-ile.com\\\/festival2023\\\/\"]}]},{\"@type\":\"ImageObject\",\"inLanguage\":\"en-US\",\"@id\":\"https:\\\/\\\/lyrique-belle-ile.com\\\/festival2023\\\/#primaryimage\",\"url\":\"https:\\\/\\\/lyrique-belle-ile.com\\\/wp-content\\\/uploads\\\/2023\\\/08\\\/Nemanja-Radulovic-and-Double-Sens-22-scaled-e1692781821639.jpg\",\"contentUrl\":\"https:\\\/\\\/lyrique-belle-ile.com\\\/wp-content\\\/uploads\\\/2023\\\/08\\\/Nemanja-Radulovic-and-Double-Sens-22-scaled-e1692781821639.jpg\"},{\"@type\":\"BreadcrumbList\",\"@id\":\"https:\\\/\\\/lyrique-belle-ile.com\\\/festival2023\\\/#breadcrumb\",\"itemListElement\":[{\"@type\":\"ListItem\",\"position\":1,\"name\":\"Accueil\",\"item\":\"https:\\\/\\\/lyrique-belle-ile.com\\\/\"},{\"@type\":\"ListItem\",\"position\":2,\"name\":\"Festival 2023\"}]},{\"@type\":\"WebSite\",\"@id\":\"https:\\\/\\\/lyrique-belle-ile.com\\\/#website\",\"url\":\"https:\\\/\\\/lyrique-belle-ile.com\\\/\",\"name\":\"Lyrique en Mer\",\"description\":\"Festival International de Belle Ile\",\"publisher\":{\"@id\":\"https:\\\/\\\/lyrique-belle-ile.com\\\/#organization\"},\"potentialAction\":[{\"@type\":\"SearchAction\",\"target\":{\"@type\":\"EntryPoint\",\"urlTemplate\":\"https:\\\/\\\/lyrique-belle-ile.com\\\/?s={search_term_string}\"},\"query-input\":{\"@type\":\"PropertyValueSpecification\",\"valueRequired\":true,\"valueName\":\"search_term_string\"}}],\"inLanguage\":\"en-US\"},{\"@type\":\"Organization\",\"@id\":\"https:\\\/\\\/lyrique-belle-ile.com\\\/#organization\",\"name\":\"Lyrique en Mer\",\"url\":\"https:\\\/\\\/lyrique-belle-ile.com\\\/\",\"logo\":{\"@type\":\"ImageObject\",\"inLanguage\":\"en-US\",\"@id\":\"https:\\\/\\\/lyrique-belle-ile.com\\\/#\\\/schema\\\/logo\\\/image\\\/\",\"url\":\"https:\\\/\\\/lyrique-belle-ile.com\\\/wp-content\\\/uploads\\\/2025\\\/05\\\/Logo-site-internet-violet-350-x-100-px.svg\",\"contentUrl\":\"https:\\\/\\\/lyrique-belle-ile.com\\\/wp-content\\\/uploads\\\/2025\\\/05\\\/Logo-site-internet-violet-350-x-100-px.svg\",\"width\":350,\"height\":100,\"caption\":\"Lyrique en Mer\"},\"image\":{\"@id\":\"https:\\\/\\\/lyrique-belle-ile.com\\\/#\\\/schema\\\/logo\\\/image\\\/\"},\"sameAs\":[\"https:\\\/\\\/www.facebook.com\\\/lyriqueenmer\",\"https:\\\/\\\/x.com\\\/FestivalLyrique\",\"https:\\\/\\\/www.instagram.com\\\/festivallyrique\\\/\"]}]}<\/script>\n<!-- \/ Yoast SEO plugin. -->","yoast_head_json":{"title":"Festival 2023 - Lyrique en Mer","description":"Artist biographies for the 2022 edition of the Belle-Ile Lyrique-en-mer international festival.","robots":{"index":"index","follow":"follow","max-snippet":"max-snippet:-1","max-image-preview":"max-image-preview:large","max-video-preview":"max-video-preview:-1"},"canonical":"https:\/\/lyrique-belle-ile.com\/en\/festival2023\/","og_locale":"en_US","og_type":"article","og_title":"Festival 2023 - Lyrique en Mer","og_description":"Biographie des artistes de l'\u00e9dition 2022 du festival international de Belle-Ile Lyrique-en-mer.","og_url":"https:\/\/lyrique-belle-ile.com\/en\/festival2023\/","og_site_name":"Lyrique en Mer","article_publisher":"https:\/\/www.facebook.com\/lyriqueenmer","article_modified_time":"2025-05-15T14:12:01+00:00","og_image":[{"width":2000,"height":1166,"url":"https:\/\/lyrique-belle-ile.com\/wp-content\/uploads\/2022\/03\/Jeunes-artistes.png","type":"image\/png"}],"twitter_card":"summary_large_image","twitter_site":"@FestivalLyrique","twitter_misc":{"Est. reading time":"13 minutes"},"schema":{"@context":"https:\/\/schema.org","@graph":[{"@type":"WebPage","@id":"https:\/\/lyrique-belle-ile.com\/festival2023\/","url":"https:\/\/lyrique-belle-ile.com\/festival2023\/","name":"Festival 2023 - Lyrique en Mer","isPartOf":{"@id":"https:\/\/lyrique-belle-ile.com\/#website"},"primaryImageOfPage":{"@id":"https:\/\/lyrique-belle-ile.com\/festival2023\/#primaryimage"},"image":{"@id":"https:\/\/lyrique-belle-ile.com\/festival2023\/#primaryimage"},"thumbnailUrl":"https:\/\/lyrique-belle-ile.com\/wp-content\/uploads\/2023\/08\/Nemanja-Radulovic-and-Double-Sens-22-scaled-e1692781821639.jpg","datePublished":"2022-08-08T07:46:29+00:00","dateModified":"2025-05-15T14:12:01+00:00","description":"Artist biographies for the 2022 edition of the Belle-Ile Lyrique-en-mer international festival.","breadcrumb":{"@id":"https:\/\/lyrique-belle-ile.com\/festival2023\/#breadcrumb"},"inLanguage":"en-US","potentialAction":[{"@type":"ReadAction","target":["https:\/\/lyrique-belle-ile.com\/festival2023\/"]}]},{"@type":"ImageObject","inLanguage":"en-US","@id":"https:\/\/lyrique-belle-ile.com\/festival2023\/#primaryimage","url":"https:\/\/lyrique-belle-ile.com\/wp-content\/uploads\/2023\/08\/Nemanja-Radulovic-and-Double-Sens-22-scaled-e1692781821639.jpg","contentUrl":"https:\/\/lyrique-belle-ile.com\/wp-content\/uploads\/2023\/08\/Nemanja-Radulovic-and-Double-Sens-22-scaled-e1692781821639.jpg"},{"@type":"BreadcrumbList","@id":"https:\/\/lyrique-belle-ile.com\/festival2023\/#breadcrumb","itemListElement":[{"@type":"ListItem","position":1,"name":"Accueil","item":"https:\/\/lyrique-belle-ile.com\/"},{"@type":"ListItem","position":2,"name":"Festival 2023"}]},{"@type":"WebSite","@id":"https:\/\/lyrique-belle-ile.com\/#website","url":"https:\/\/lyrique-belle-ile.com\/","name":"Lyrical at Sea","description":"Belle Ile International Festival","publisher":{"@id":"https:\/\/lyrique-belle-ile.com\/#organization"},"potentialAction":[{"@type":"SearchAction","target":{"@type":"EntryPoint","urlTemplate":"https:\/\/lyrique-belle-ile.com\/?s={search_term_string}"},"query-input":{"@type":"PropertyValueSpecification","valueRequired":true,"valueName":"search_term_string"}}],"inLanguage":"en-US"},{"@type":"Organization","@id":"https:\/\/lyrique-belle-ile.com\/#organization","name":"Lyrical at Sea","url":"https:\/\/lyrique-belle-ile.com\/","logo":{"@type":"ImageObject","inLanguage":"en-US","@id":"https:\/\/lyrique-belle-ile.com\/#\/schema\/logo\/image\/","url":"https:\/\/lyrique-belle-ile.com\/wp-content\/uploads\/2025\/05\/Logo-site-internet-violet-350-x-100-px.svg","contentUrl":"https:\/\/lyrique-belle-ile.com\/wp-content\/uploads\/2025\/05\/Logo-site-internet-violet-350-x-100-px.svg","width":350,"height":100,"caption":"Lyrique en Mer"},"image":{"@id":"https:\/\/lyrique-belle-ile.com\/#\/schema\/logo\/image\/"},"sameAs":["https:\/\/www.facebook.com\/lyriqueenmer","https:\/\/x.com\/FestivalLyrique","https:\/\/www.instagram.com\/festivallyrique\/"]}]}},"_links":{"self":[{"href":"https:\/\/lyrique-belle-ile.com\/en\/wp-json\/wp\/v2\/pages\/4748","targetHints":{"allow":["GET"]}}],"collection":[{"href":"https:\/\/lyrique-belle-ile.com\/en\/wp-json\/wp\/v2\/pages"}],"about":[{"href":"https:\/\/lyrique-belle-ile.com\/en\/wp-json\/wp\/v2\/types\/page"}],"author":[{"embeddable":true,"href":"https:\/\/lyrique-belle-ile.com\/en\/wp-json\/wp\/v2\/users\/2"}],"replies":[{"embeddable":true,"href":"https:\/\/lyrique-belle-ile.com\/en\/wp-json\/wp\/v2\/comments?post=4748"}],"version-history":[{"count":109,"href":"https:\/\/lyrique-belle-ile.com\/en\/wp-json\/wp\/v2\/pages\/4748\/revisions"}],"predecessor-version":[{"id":8651,"href":"https:\/\/lyrique-belle-ile.com\/en\/wp-json\/wp\/v2\/pages\/4748\/revisions\/8651"}],"wp:attachment":[{"href":"https:\/\/lyrique-belle-ile.com\/en\/wp-json\/wp\/v2\/media?parent=4748"}],"curies":[{"name":"wp","href":"https:\/\/api.w.org\/{rel}","templated":true}]}}